{"id":114,"date":"2020-08-25T12:11:49","date_gmt":"2020-08-25T10:11:49","guid":{"rendered":"https:\/\/www.sense-electra.de\/?page_id=114"},"modified":"2023-11-21T09:12:48","modified_gmt":"2023-11-21T08:12:48","slug":"energiemanagementsystem","status":"publish","type":"page","link":"https:\/\/www.sense-electra.de\/en\/energiedienstleistungen\/energiemanagementsystem\/","title":{"rendered":"Energy management systems"},"content":{"rendered":"<h1>\n\t\tEnergiemanagement\n\t<\/h1>\n\t<p>Mit dem Energiemanagementsystem nach DIN EN ISO 50001 kann der Verbrauch in Ihrem Betrieb nachhaltig gesenkt werden. Durch dieses Verfahren lassen sich bisher ungenutzte Einsparm\u00f6glichkeiten erkennen und Kosten dauerhaft senken.<\/p>\n\t\t\t<a href=\"#Vorteile_eines_EnMS\" target=\"_self\" role=\"button\" rel=\"noopener\">\n\t\t\t\t\t\t\tBenefits of an energy management system\n\t\t\t\t\t<\/a>\n<h2>\n\t\tWie unterst\u00fctzt ein Energiemanagementsystem Ihr Unternehmen? \n\t<\/h2>\n\t\t\t\t<img decoding=\"async\" src=\"https:\/\/www.sense-electra.de\/wp-content\/uploads\/2021\/10\/Zahl-1-dunkelgruen.png\" alt=\"Zahl 1 - dunkelgruen\" itemprop=\"image\" title=\"Zahl 1 - dunkelgruen\" onerror=\"this.style.display='none'\"  \/>\n\t<p><strong>Collect data<\/strong><\/p>\n\t<p>IST-Stand-Ermittlung der Energiefl\u00fcsse<\/p>\n\t\t\t\t<img decoding=\"async\" src=\"https:\/\/www.sense-electra.de\/wp-content\/uploads\/2021\/10\/Zahl-2-dunkelgruen.png\" alt=\"Zahl 2 - dunkelgruen\" itemprop=\"image\" title=\"Zahl 2 - dunkelgruen\" onerror=\"this.style.display='none'\"  \/>\n\t<p>Analyses<\/p>\n\t<p>Bewertung der Energieeffizienz und des Energieverbrauchs<\/p>\n\t\t\t\t<img decoding=\"async\" src=\"https:\/\/www.sense-electra.de\/wp-content\/uploads\/2021\/10\/Zahl-3-dunkelgruen.png\" alt=\"Zahl 3 - dunkelgruen\" itemprop=\"image\" title=\"Zahl 3 - dunkelgruen\" onerror=\"this.style.display='none'\"  \/>\n\t<p>Planning<\/p>\n\t<p>prepare technical, organisational and strategic measures, and set goals.<\/p>\n\t\t\t\t<img decoding=\"async\" src=\"https:\/\/www.sense-electra.de\/wp-content\/uploads\/2021\/10\/Zahl-4-dunkelgruen.png\" alt=\"Zahl 4 - dunkelgruen\" itemprop=\"image\" title=\"Zahl 4 - dunkelgruen\" onerror=\"this.style.display='none'\"  \/>\n\t<p>Implement<\/p>\n\t<p>Einf\u00fchrung des Managementsystems<\/p>\n\t\t\t\t<img decoding=\"async\" src=\"https:\/\/www.sense-electra.de\/wp-content\/uploads\/2021\/10\/Zahl-5-dunkelgruen.png\" alt=\"Zahl 5 - dunkelgruen\" itemprop=\"image\" title=\"Zahl 5 - dunkelgruen\" onerror=\"this.style.display='none'\"  \/>\n\t<p>Review<\/p>\n\t<p>Dauerhafter Betrieb mit stetiger Pr\u00fcfung der eingesetzten Ma\u00dfnahmen in Hinblick auf die Zielerreichung<\/p>\n\t\t\t<a href=\"#\" role=\"button\">\n\t\t\t\t\t\tGet in touch\n\t\t\t\t\t<\/a>\n\t\t\n<div class=\"wpcf7 no-js\" id=\"wpcf7-f93-o1\" lang=\"de-DE\" dir=\"ltr\">\n<div class=\"screen-reader-response\"><p role=\"status\" aria-live=\"polite\" aria-atomic=\"true\"><\/p> <ul><\/ul><\/div>\n<form action=\"\/en\/wp-json\/wp\/v2\/pages\/114#wpcf7-f93-o1\" method=\"post\" class=\"wpcf7-form init\" aria-label=\"Contact form\" novalidate=\"novalidate\" data-status=\"init\" data-trp-original-action=\"\/en\/wp-json\/wp\/v2\/pages\/114#wpcf7-f93-o1\">\n<div style=\"display: none;\">\n<input type=\"hidden\" name=\"_wpcf7\" value=\"93\" \/>\n<input type=\"hidden\" name=\"_wpcf7_version\" value=\"5.9.8\" \/>\n<input type=\"hidden\" name=\"_wpcf7_locale\" value=\"de_DE_formal\" \/>\n<input type=\"hidden\" name=\"_wpcf7_unit_tag\" value=\"wpcf7-f93-o1\" \/>\n<input type=\"hidden\" name=\"_wpcf7_container_post\" value=\"0\" \/>\n<input type=\"hidden\" name=\"_wpcf7_posted_data_hash\" value=\"\" \/>\n<\/div>\n<h3>Kontaktanfrage\n<\/h3>\n<p>Schreiben Sie uns Ihre Anliegen - wir melden uns bei Ihnen!\n<\/p>\n<p><label> Ihr Name*<br \/>\n<span class=\"wpcf7-form-control-wrap\" data-name=\"your-name\"><input size=\"40\" maxlength=\"400\" class=\"wpcf7-form-control wpcf7-text wpcf7-validates-as-required\" aria-required=\"true\" aria-invalid=\"false\" value=\"\" type=\"text\" name=\"your-name\" \/><\/span> <\/label>\n<\/p>\n<p><span id=\"ho-ph-sense-1\" class=\"wpcf7-form-control-wrap phone-or-mail-wrap\" style=\"display:none !important; visibility:hidden !important;\"><label for=\"wpcf7-69f72de079bf9-field\" class=\"hp-message\">Bitte lassen Sie dieses Feld leer.<\/label><input id=\"wpcf7-69f72de079bf9-field\"  class=\"wpcf7-form-control wpcf7-text\" type=\"text\" name=\"phone-or-mail\" value=\"\" size=\"40\" tabindex=\"-1\" autocomplete=\"new-password\" \/><\/span>\n<\/p>\n<p><label> Ihre E-Mail-Adresse*<br \/>\n<span class=\"wpcf7-form-control-wrap\" data-name=\"your-email\"><input size=\"40\" maxlength=\"400\" class=\"wpcf7-form-control wpcf7-email wpcf7-validates-as-required wpcf7-text wpcf7-validates-as-email\" aria-required=\"true\" aria-invalid=\"false\" value=\"\" type=\"email\" name=\"your-email\" \/><\/span> <\/label>\n<\/p>\n<p><span id=\"ho-ph-sense-2\" class=\"wpcf7-form-control-wrap phone-or-mail-wrap\" style=\"display:none !important; visibility:hidden !important;\"><label for=\"wpcf7-69f72de079cd7-field\" class=\"hp-message\">Bitte lassen Sie dieses Feld leer.<\/label><input id=\"wpcf7-69f72de079cd7-field\"  class=\"wpcf7-form-control wpcf7-text\" type=\"text\" name=\"phone-or-mail\" value=\"\" size=\"40\" tabindex=\"-1\" autocomplete=\"new-password\" \/><\/span>\n<\/p>\n<p><label> Betreff<br \/>\n<span class=\"wpcf7-form-control-wrap\" data-name=\"your-subject\"><input size=\"40\" maxlength=\"400\" class=\"wpcf7-form-control wpcf7-text\" aria-invalid=\"false\" value=\"\" type=\"text\" name=\"your-subject\" \/><\/span> <\/label>\n<\/p>\n<p><label> Ihre Nachricht<br \/>\n<span class=\"wpcf7-form-control-wrap\" data-name=\"your-message\"><textarea cols=\"40\" rows=\"10\" maxlength=\"2000\" class=\"wpcf7-form-control wpcf7-textarea\" aria-invalid=\"false\" name=\"your-message\"><\/textarea><\/span> <\/label>\n<\/p>\n<p>*Pflichtfeld\n<\/p>\n<p>Bitte beachten Sie unsere <a target=\"_blank\" href=\"\/en\/datenschutz\/\">Datenschutzbestimmungen.<\/a>\n<\/p>\n<p><input class=\"wpcf7-form-control wpcf7-submit has-spinner\" type=\"submit\" value=\"Send\" \/>\n<\/p><div class=\"wpcf7-response-output\" aria-hidden=\"true\"><\/div>\n<input type=\"hidden\" name=\"trp-form-language\" value=\"en\"\/><\/form>\n<\/div>\n\t\n<h2>\n\t\tVorteile unseres Energiemanagementsystems\n\t<\/h2>\n\t<p>Dauerhafte Senkung Ihrer Energiekosten<\/p>\n\t<p>Die Umwelt wird weniger belastet<\/p>\n\t<p>Financial support &amp; tax benefits<\/p>\n\t<p>Positives Image<\/p>\n<h2>\n\t\tWas ist ein Energiemanagementsystem (EnMs)?\n\t<\/h2>\n\t\t\t\t<img decoding=\"async\" src=\"https:\/\/www.sense-electra.de\/wp-content\/uploads\/2021\/06\/energieklassen-energieeinsparung-300x200.jpg\" alt=\"Notizbuch mit Energie-Effizienzklassen-Diagramm und Gl\u00fchbirne\" itemprop=\"image\" title=\"Energieverbrauch kontrollieren und Energiesparen\" onerror=\"this.style.display='none'\"  \/>\n\t<strong>Mit einem Energiemanagementsystem (EnMS) k\u00f6nnen Betriebe von der Verpflichtung ein regelm\u00e4\u00dfiges Energieaudits auszuf\u00fchren befreit werden. Vom Gesetzgeber wird eine finanzielle F\u00f6rderung gezahlt. <\/strong><br \/>\nAn energy management system (EMS) helps companies to a sustainably improve their energy efficiency. Introducing an EMS systematically coordinates a company\u2019s energy procurement, distribution, and use. To do this, the energy flows are revealed, analysed, and improved.<br \/>\nThe DIN EN ISO 5001 energy management system is an international standard that was introduced in June 2011. Every type of company can implement one, regardless of industrial sector and size. Although there is no legal obligation for its implementation, however, it benefits various companies.\n<p>An energy management system (EMS) helps companies to a sustainably improve their energy efficiency. Introducing an EMS systematically coordinates a company\u2019s energy procurement, distribution, and use. To do this, the energy flows are revealed, analysed, and improved.<\/p>\n<p>The DIN EN ISO 5001 energy management system is an international standard that was introduced in June 2011. Every type of company can implement one, regardless of industrial sector and size. Although there is no legal obligation for its implementation, however, it benefits various companies.<\/p>\n<h2>\n\t\tWer sollte ein Energiemanagementsystem einf\u00fchren?\n\t<\/h2>\n\tEine gesetzliche Verpflichtung, um ein Energiemanagementsystem auszuf\u00fchren, gibt es nicht.<br \/>\nEs lohnt sich aber f\u00fcr:\n<ul>\n<li>Unternehmen mit Modernisierungsbedarf und veralteter Infrastruktur (Druckluft, Elektrik, Prozessmedien)<\/li>\n<li>Firmen im Umbauprozess<\/li>\n<li>Companies with energy intensive production and processes.<\/li>\n<\/ul>\n\t\t\t<a href=\"#\" role=\"button\">\n\t\t\t\t\t\tGet in touch\n\t\t\t\t\t<\/a>\n\t\t\n<div class=\"wpcf7 no-js\" id=\"wpcf7-f93-o2\" lang=\"de-DE\" dir=\"ltr\">\n<div class=\"screen-reader-response\"><p role=\"status\" aria-live=\"polite\" aria-atomic=\"true\"><\/p> <ul><\/ul><\/div>\n<form action=\"\/en\/wp-json\/wp\/v2\/pages\/114#wpcf7-f93-o2\" method=\"post\" class=\"wpcf7-form init\" aria-label=\"Contact form\" novalidate=\"novalidate\" data-status=\"init\" data-trp-original-action=\"\/en\/wp-json\/wp\/v2\/pages\/114#wpcf7-f93-o2\">\n<div style=\"display: none;\">\n<input type=\"hidden\" name=\"_wpcf7\" value=\"93\" \/>\n<input type=\"hidden\" name=\"_wpcf7_version\" value=\"5.9.8\" \/>\n<input type=\"hidden\" name=\"_wpcf7_locale\" value=\"de_DE_formal\" \/>\n<input type=\"hidden\" name=\"_wpcf7_unit_tag\" value=\"wpcf7-f93-o2\" \/>\n<input type=\"hidden\" name=\"_wpcf7_container_post\" value=\"0\" \/>\n<input type=\"hidden\" name=\"_wpcf7_posted_data_hash\" value=\"\" \/>\n<\/div>\n<h3>Kontaktanfrage\n<\/h3>\n<p>Schreiben Sie uns Ihre Anliegen - wir melden uns bei Ihnen!\n<\/p>\n<p><label> Ihr Name*<br \/>\n<span class=\"wpcf7-form-control-wrap\" data-name=\"your-name\"><input size=\"40\" maxlength=\"400\" class=\"wpcf7-form-control wpcf7-text wpcf7-validates-as-required\" aria-required=\"true\" aria-invalid=\"false\" value=\"\" type=\"text\" name=\"your-name\" \/><\/span> <\/label>\n<\/p>\n<p><span id=\"ho-ph-sense-1\" class=\"wpcf7-form-control-wrap phone-or-mail-wrap\" style=\"display:none !important; visibility:hidden !important;\"><label for=\"wpcf7-69f72de088f8e-field\" class=\"hp-message\">Bitte lassen Sie dieses Feld leer.<\/label><input id=\"wpcf7-69f72de088f8e-field\"  class=\"wpcf7-form-control wpcf7-text\" type=\"text\" name=\"phone-or-mail\" value=\"\" size=\"40\" tabindex=\"-1\" autocomplete=\"new-password\" \/><\/span>\n<\/p>\n<p><label> Ihre E-Mail-Adresse*<br \/>\n<span class=\"wpcf7-form-control-wrap\" data-name=\"your-email\"><input size=\"40\" maxlength=\"400\" class=\"wpcf7-form-control wpcf7-email wpcf7-validates-as-required wpcf7-text wpcf7-validates-as-email\" aria-required=\"true\" aria-invalid=\"false\" value=\"\" type=\"email\" name=\"your-email\" \/><\/span> <\/label>\n<\/p>\n<p><span id=\"ho-ph-sense-2\" class=\"wpcf7-form-control-wrap phone-or-mail-wrap\" style=\"display:none !important; visibility:hidden !important;\"><label for=\"wpcf7-69f72de089008-field\" class=\"hp-message\">Bitte lassen Sie dieses Feld leer.<\/label><input id=\"wpcf7-69f72de089008-field\"  class=\"wpcf7-form-control wpcf7-text\" type=\"text\" name=\"phone-or-mail\" value=\"\" size=\"40\" tabindex=\"-1\" autocomplete=\"new-password\" \/><\/span>\n<\/p>\n<p><label> Betreff<br \/>\n<span class=\"wpcf7-form-control-wrap\" data-name=\"your-subject\"><input size=\"40\" maxlength=\"400\" class=\"wpcf7-form-control wpcf7-text\" aria-invalid=\"false\" value=\"\" type=\"text\" name=\"your-subject\" \/><\/span> <\/label>\n<\/p>\n<p><label> Ihre Nachricht<br \/>\n<span class=\"wpcf7-form-control-wrap\" data-name=\"your-message\"><textarea cols=\"40\" rows=\"10\" maxlength=\"2000\" class=\"wpcf7-form-control wpcf7-textarea\" aria-invalid=\"false\" name=\"your-message\"><\/textarea><\/span> <\/label>\n<\/p>\n<p>*Pflichtfeld\n<\/p>\n<p>Bitte beachten Sie unsere <a target=\"_blank\" href=\"\/en\/datenschutz\/\">Datenschutzbestimmungen.<\/a>\n<\/p>\n<p><input class=\"wpcf7-form-control wpcf7-submit has-spinner\" type=\"submit\" value=\"Send\" \/>\n<\/p><div class=\"wpcf7-response-output\" aria-hidden=\"true\"><\/div>\n<input type=\"hidden\" name=\"trp-form-language\" value=\"en\"\/><\/form>\n<\/div>\n\t\n\t\t\t\t<img decoding=\"async\" src=\"https:\/\/www.sense-electra.de\/wp-content\/uploads\/2021\/06\/industrie-gewerbe.jpg\" alt=\"Industrie und Gewerbe vor blauem Hintergrund\" itemprop=\"image\" title=\"Blockheizkraftwerke f\u00fcr Industrie und Gewerbe\" onerror=\"this.style.display='none'\"  \/>\n<h2>\n\t\tFinanzielle Unterst\u00fctzung erhalten\n\t<\/h2>\n<h3>\n\t\tApplication for tax relief\n\t<\/h3>\n\t<p>Wenn Ihr Unternehmen zum produzierenden Gewerbe geh\u00f6rt, k\u00f6nnen Sie einen Antrag auf Steuerentlastungen f\u00fcr Strom- und Energieverbrauch stellen. Eine Entlastung von der Stromsteuer kann nur gew\u00e4hrt werden, wenn die Steuerbelastung f\u00fcr Energie pro Kalenderjahr einen Betrag von 1000 Euro \u00fcbersteigt. Zudem ist sie an die Rentenversicherungsbeitr\u00e4ge des Unternehmens gekoppelt.<\/p>\n<p>This is based on Germany\u2019s Peak Efficiency Scheme Ordinance (SpaEfV) in conjunction with the Electricity Tax Act (StromStG) or the Energy Tax Act (EnergieStG).<\/p>\n<h3>\n\t\tSpecial compensation scheme\n\t<\/h3>\n\t<p>Weiterhin ist eine indirekte finanzielle F\u00f6rderung beim Bundesamt f\u00fcr Wirtschaft und Ausfuhrkontrolle (BAFA) m\u00f6glich. Die Beantragung erfolgt in Bezug auf die Besondere Ausgleichsregelung (BesAR). Um eine F\u00f6rderung zu erhalten, m\u00fcssen Unternehmen bestimmte Anforderungen zur Strommenge, Stromkostenintensit\u00e4t und Energieeffizienz beachten.<\/p>\n\t\t\t\t<img decoding=\"async\" src=\"https:\/\/www.sense-electra.de\/wp-content\/uploads\/2021\/06\/thermostat-heizkoerper-weitere-infos.jpg\" alt=\"Thermostatkopfventil f\u00fcr Heizungsprojekt\" itemprop=\"image\" title=\"Ihr Heizungsprojekt mit Energieeinsparung\" onerror=\"this.style.display='none'\"  \/>\n<h3>\n\t\tOther cross-Germany funding programmes\n\t<\/h3>\n\t<p class=\"translation-block\">All funding programmes, including current conditions, for companies can be found clearly listed on the website of the Federal Ministry for Economic Affairs and Energy.<\/p>\n<h3>\n\t\tWe will be happy to advise you. \n\t<\/h3>\n<h3>\n\t\tKontaktieren Sie uns, wenn Sie mehr zum Thema Energiemanagementsystem erfahren m\u00f6chten.\n\t<\/h3>\n\t\t\t<a href=\"#\" role=\"button\">\n\t\t\t\t\t\tGet in touch\n\t\t\t\t\t<\/a>\n\t\t\n<div class=\"wpcf7 no-js\" id=\"wpcf7-f93-o3\" lang=\"de-DE\" dir=\"ltr\">\n<div class=\"screen-reader-response\"><p role=\"status\" aria-live=\"polite\" aria-atomic=\"true\"><\/p> <ul><\/ul><\/div>\n<form action=\"\/en\/wp-json\/wp\/v2\/pages\/114#wpcf7-f93-o3\" method=\"post\" class=\"wpcf7-form init\" aria-label=\"Contact form\" novalidate=\"novalidate\" data-status=\"init\" data-trp-original-action=\"\/en\/wp-json\/wp\/v2\/pages\/114#wpcf7-f93-o3\">\n<div style=\"display: none;\">\n<input type=\"hidden\" name=\"_wpcf7\" value=\"93\" \/>\n<input type=\"hidden\" name=\"_wpcf7_version\" value=\"5.9.8\" \/>\n<input type=\"hidden\" name=\"_wpcf7_locale\" value=\"de_DE_formal\" \/>\n<input type=\"hidden\" name=\"_wpcf7_unit_tag\" value=\"wpcf7-f93-o3\" \/>\n<input type=\"hidden\" name=\"_wpcf7_container_post\" value=\"0\" \/>\n<input type=\"hidden\" name=\"_wpcf7_posted_data_hash\" value=\"\" \/>\n<\/div>\n<h3>Kontaktanfrage\n<\/h3>\n<p>Schreiben Sie uns Ihre Anliegen - wir melden uns bei Ihnen!\n<\/p>\n<p><label> Ihr Name*<br \/>\n<span class=\"wpcf7-form-control-wrap\" data-name=\"your-name\"><input size=\"40\" maxlength=\"400\" class=\"wpcf7-form-control wpcf7-text wpcf7-validates-as-required\" aria-required=\"true\" aria-invalid=\"false\" value=\"\" type=\"text\" name=\"your-name\" \/><\/span> <\/label>\n<\/p>\n<p><span id=\"ho-ph-sense-1\" class=\"wpcf7-form-control-wrap phone-or-mail-wrap\" style=\"display:none !important; visibility:hidden !important;\"><label for=\"wpcf7-69f72de098a00-field\" class=\"hp-message\">Bitte lassen Sie dieses Feld leer.<\/label><input id=\"wpcf7-69f72de098a00-field\"  class=\"wpcf7-form-control wpcf7-text\" type=\"text\" name=\"phone-or-mail\" value=\"\" size=\"40\" tabindex=\"-1\" autocomplete=\"new-password\" \/><\/span>\n<\/p>\n<p><label> Ihre E-Mail-Adresse*<br \/>\n<span class=\"wpcf7-form-control-wrap\" data-name=\"your-email\"><input size=\"40\" maxlength=\"400\" class=\"wpcf7-form-control wpcf7-email wpcf7-validates-as-required wpcf7-text wpcf7-validates-as-email\" aria-required=\"true\" aria-invalid=\"false\" value=\"\" type=\"email\" name=\"your-email\" \/><\/span> <\/label>\n<\/p>\n<p><span id=\"ho-ph-sense-2\" class=\"wpcf7-form-control-wrap phone-or-mail-wrap\" style=\"display:none !important; visibility:hidden !important;\"><label for=\"wpcf7-69f72de098ab1-field\" class=\"hp-message\">Bitte lassen Sie dieses Feld leer.<\/label><input id=\"wpcf7-69f72de098ab1-field\"  class=\"wpcf7-form-control wpcf7-text\" type=\"text\" name=\"phone-or-mail\" value=\"\" size=\"40\" tabindex=\"-1\" autocomplete=\"new-password\" \/><\/span>\n<\/p>\n<p><label> Betreff<br \/>\n<span class=\"wpcf7-form-control-wrap\" data-name=\"your-subject\"><input size=\"40\" maxlength=\"400\" class=\"wpcf7-form-control wpcf7-text\" aria-invalid=\"false\" value=\"\" type=\"text\" name=\"your-subject\" \/><\/span> <\/label>\n<\/p>\n<p><label> Ihre Nachricht<br \/>\n<span class=\"wpcf7-form-control-wrap\" data-name=\"your-message\"><textarea cols=\"40\" rows=\"10\" maxlength=\"2000\" class=\"wpcf7-form-control wpcf7-textarea\" aria-invalid=\"false\" name=\"your-message\"><\/textarea><\/span> <\/label>\n<\/p>\n<p>*Pflichtfeld\n<\/p>\n<p>Bitte beachten Sie unsere <a target=\"_blank\" href=\"\/en\/datenschutz\/\">Datenschutzbestimmungen.<\/a>\n<\/p>\n<p><input class=\"wpcf7-form-control wpcf7-submit has-spinner\" type=\"submit\" value=\"Send\" \/>\n<\/p><div class=\"wpcf7-response-output\" aria-hidden=\"true\"><\/div>\n<input type=\"hidden\" name=\"trp-form-language\" value=\"en\"\/><\/form>\n<\/div>","protected":false},"excerpt":{"rendered":"<p>Energiemanagement Mit dem Energiemanagementsystem nach DIN EN ISO 50001 kann der Verbrauch in Ihrem Betrieb nachhaltig gesenkt werden. Durch dieses Verfahren lassen sich bisher ungenutzte Einsparm\u00f6glichkeiten erkennen und Kosten dauerhaft senken. Vorteile des Energiemanagementsystems Wie unterst\u00fctzt ein Energiemanagementsystem Ihr Unternehmen? Datenerfassung IST-Stand-Ermittlung der Energiefl\u00fcsse Analysen Bewertung der Energieeffizienz und des Energieverbrauchs Planung Vorbereitung technischer, organisatorischer&hellip;<\/p>","protected":false},"author":1,"featured_media":0,"parent":56,"menu_order":0,"comment_status":"closed","ping_status":"closed","template":"","meta":{"_acf_changed":false,"footnotes":""},"acf":[],"yoast_head":"<!-- This site is optimized with the Yoast SEO plugin v23.1 - https:\/\/yoast.com\/wordpress\/plugins\/seo\/ -->\n<title>Energiemanagementsystem nach DIN EN ISO 50001 - sense electra<\/title>\n<meta name=\"description\" content=\"Mit unserem Energiemanagement den Energieverbrauch kontrollieren &amp; nachhaltig Kosten senken. Jetzt staatliche F\u00f6rderm\u00f6glichkeiten entdecken.\" \/>\n<meta name=\"robots\" content=\"index, follow, max-snippet:-1, max-image-preview:large, max-video-preview:-1\" \/>\n<link rel=\"canonical\" href=\"https:\/\/www.sense-electra.de\/en\/energiedienstleistungen\/energiemanagementsystem\/\" \/>\n<meta property=\"og:locale\" content=\"en_GB\" \/>\n<meta property=\"og:type\" content=\"article\" \/>\n<meta property=\"og:title\" content=\"Energiemanagementsystem nach DIN EN ISO 50001 - sense electra\" \/>\n<meta property=\"og:description\" content=\"Mit unserem Energiemanagement den Energieverbrauch kontrollieren &amp; nachhaltig Kosten senken. Jetzt staatliche F\u00f6rderm\u00f6glichkeiten entdecken.\" \/>\n<meta property=\"og:url\" content=\"https:\/\/www.sense-electra.de\/en\/energiedienstleistungen\/energiemanagementsystem\/\" \/>\n<meta property=\"og:site_name\" content=\"sense electra\" \/>\n<meta property=\"article:modified_time\" content=\"2023-11-21T08:12:48+00:00\" \/>\n<meta property=\"og:image\" content=\"https:\/\/www.sense-electra.de\/wp-content\/uploads\/2021\/10\/Zahl-1-dunkelgruen.png\" \/>\n<meta name=\"twitter:card\" content=\"summary_large_image\" \/>\n<meta name=\"twitter:label1\" content=\"Estimated reading time\" \/>\n\t<meta name=\"twitter:data1\" content=\"3 minutes\" \/>\n<script type=\"application\/ld+json\" class=\"yoast-schema-graph\">{\"@context\":\"https:\/\/schema.org\",\"@graph\":[{\"@type\":\"WebPage\",\"@id\":\"https:\/\/www.sense-electra.de\/energiedienstleistungen\/energiemanagementsystem\/\",\"url\":\"https:\/\/www.sense-electra.de\/energiedienstleistungen\/energiemanagementsystem\/\",\"name\":\"Energiemanagementsystem nach DIN EN ISO 50001 - sense electra\",\"isPartOf\":{\"@id\":\"https:\/\/www.sense-electra.de\/#website\"},\"primaryImageOfPage\":{\"@id\":\"https:\/\/www.sense-electra.de\/energiedienstleistungen\/energiemanagementsystem\/#primaryimage\"},\"image\":{\"@id\":\"https:\/\/www.sense-electra.de\/energiedienstleistungen\/energiemanagementsystem\/#primaryimage\"},\"thumbnailUrl\":\"https:\/\/www.sense-electra.de\/wp-content\/uploads\/2021\/10\/Zahl-1-dunkelgruen.png\",\"datePublished\":\"2020-08-25T10:11:49+00:00\",\"dateModified\":\"2023-11-21T08:12:48+00:00\",\"description\":\"Mit unserem Energiemanagement den Energieverbrauch kontrollieren & nachhaltig Kosten senken. Jetzt staatliche F\u00f6rderm\u00f6glichkeiten entdecken.\",\"breadcrumb\":{\"@id\":\"https:\/\/www.sense-electra.de\/energiedienstleistungen\/energiemanagementsystem\/#breadcrumb\"},\"inLanguage\":\"en-GB\",\"potentialAction\":[{\"@type\":\"ReadAction\",\"target\":[\"https:\/\/www.sense-electra.de\/energiedienstleistungen\/energiemanagementsystem\/\"]}]},{\"@type\":\"ImageObject\",\"inLanguage\":\"en-GB\",\"@id\":\"https:\/\/www.sense-electra.de\/energiedienstleistungen\/energiemanagementsystem\/#primaryimage\",\"url\":\"https:\/\/www.sense-electra.de\/wp-content\/uploads\/2021\/10\/Zahl-1-dunkelgruen.png\",\"contentUrl\":\"https:\/\/www.sense-electra.de\/wp-content\/uploads\/2021\/10\/Zahl-1-dunkelgruen.png\"},{\"@type\":\"BreadcrumbList\",\"@id\":\"https:\/\/www.sense-electra.de\/energiedienstleistungen\/energiemanagementsystem\/#breadcrumb\",\"itemListElement\":[{\"@type\":\"ListItem\",\"position\":1,\"name\":\"Startseite\",\"item\":\"https:\/\/www.sense-electra.de\/\"},{\"@type\":\"ListItem\",\"position\":2,\"name\":\"Energiedienstleistungen\",\"item\":\"https:\/\/www.sense-electra.de\/energiedienstleistungen\/\"},{\"@type\":\"ListItem\",\"position\":3,\"name\":\"Energiemanagementsystem\"}]},{\"@type\":\"WebSite\",\"@id\":\"https:\/\/www.sense-electra.de\/#website\",\"url\":\"https:\/\/www.sense-electra.de\/\",\"name\":\"sense electra\",\"description\":\"W\u00e4rmeversorgung f\u00fcr Industrie- und Gewerbekunden\",\"potentialAction\":[{\"@type\":\"SearchAction\",\"target\":{\"@type\":\"EntryPoint\",\"urlTemplate\":\"https:\/\/www.sense-electra.de\/?s={search_term_string}\"},\"query-input\":\"required name=search_term_string\"}],\"inLanguage\":\"en-GB\"}]}<\/script>\n<!-- \/ Yoast SEO plugin. -->","yoast_head_json":{"title":"Energiemanagementsystem nach DIN EN ISO 50001 - sense electra","description":"Mit unserem Energiemanagement den Energieverbrauch kontrollieren & nachhaltig Kosten senken. Jetzt staatliche F\u00f6rderm\u00f6glichkeiten entdecken.","robots":{"index":"index","follow":"follow","max-snippet":"max-snippet:-1","max-image-preview":"max-image-preview:large","max-video-preview":"max-video-preview:-1"},"canonical":"https:\/\/www.sense-electra.de\/en\/energiedienstleistungen\/energiemanagementsystem\/","og_locale":"en_GB","og_type":"article","og_title":"Energiemanagementsystem nach DIN EN ISO 50001 - sense electra","og_description":"Mit unserem Energiemanagement den Energieverbrauch kontrollieren & nachhaltig Kosten senken. Jetzt staatliche F\u00f6rderm\u00f6glichkeiten entdecken.","og_url":"https:\/\/www.sense-electra.de\/en\/energiedienstleistungen\/energiemanagementsystem\/","og_site_name":"sense electra","article_modified_time":"2023-11-21T08:12:48+00:00","og_image":[{"url":"https:\/\/www.sense-electra.de\/wp-content\/uploads\/2021\/10\/Zahl-1-dunkelgruen.png"}],"twitter_card":"summary_large_image","twitter_misc":{"Estimated reading time":"3 minutes"},"schema":{"@context":"https:\/\/schema.org","@graph":[{"@type":"WebPage","@id":"https:\/\/www.sense-electra.de\/energiedienstleistungen\/energiemanagementsystem\/","url":"https:\/\/www.sense-electra.de\/energiedienstleistungen\/energiemanagementsystem\/","name":"Energiemanagementsystem nach DIN EN ISO 50001 - sense electra","isPartOf":{"@id":"https:\/\/www.sense-electra.de\/#website"},"primaryImageOfPage":{"@id":"https:\/\/www.sense-electra.de\/energiedienstleistungen\/energiemanagementsystem\/#primaryimage"},"image":{"@id":"https:\/\/www.sense-electra.de\/energiedienstleistungen\/energiemanagementsystem\/#primaryimage"},"thumbnailUrl":"https:\/\/www.sense-electra.de\/wp-content\/uploads\/2021\/10\/Zahl-1-dunkelgruen.png","datePublished":"2020-08-25T10:11:49+00:00","dateModified":"2023-11-21T08:12:48+00:00","description":"Mit unserem Energiemanagement den Energieverbrauch kontrollieren & nachhaltig Kosten senken. Jetzt staatliche F\u00f6rderm\u00f6glichkeiten entdecken.","breadcrumb":{"@id":"https:\/\/www.sense-electra.de\/energiedienstleistungen\/energiemanagementsystem\/#breadcrumb"},"inLanguage":"en-GB","potentialAction":[{"@type":"ReadAction","target":["https:\/\/www.sense-electra.de\/energiedienstleistungen\/energiemanagementsystem\/"]}]},{"@type":"ImageObject","inLanguage":"en-GB","@id":"https:\/\/www.sense-electra.de\/energiedienstleistungen\/energiemanagementsystem\/#primaryimage","url":"https:\/\/www.sense-electra.de\/wp-content\/uploads\/2021\/10\/Zahl-1-dunkelgruen.png","contentUrl":"https:\/\/www.sense-electra.de\/wp-content\/uploads\/2021\/10\/Zahl-1-dunkelgruen.png"},{"@type":"BreadcrumbList","@id":"https:\/\/www.sense-electra.de\/energiedienstleistungen\/energiemanagementsystem\/#breadcrumb","itemListElement":[{"@type":"ListItem","position":1,"name":"Startseite","item":"https:\/\/www.sense-electra.de\/"},{"@type":"ListItem","position":2,"name":"Energiedienstleistungen","item":"https:\/\/www.sense-electra.de\/energiedienstleistungen\/"},{"@type":"ListItem","position":3,"name":"Energiemanagementsystem"}]},{"@type":"WebSite","@id":"https:\/\/www.sense-electra.de\/#website","url":"https:\/\/www.sense-electra.de\/","name":"sense electra","description":"W\u00e4rmeversorgung f\u00fcr Industrie- und Gewerbekunden","potentialAction":[{"@type":"SearchAction","target":{"@type":"EntryPoint","urlTemplate":"https:\/\/www.sense-electra.de\/?s={search_term_string}"},"query-input":"required name=search_term_string"}],"inLanguage":"en-GB"}]}},"_links":{"self":[{"href":"https:\/\/www.sense-electra.de\/en\/wp-json\/wp\/v2\/pages\/114"}],"collection":[{"href":"https:\/\/www.sense-electra.de\/en\/wp-json\/wp\/v2\/pages"}],"about":[{"href":"https:\/\/www.sense-electra.de\/en\/wp-json\/wp\/v2\/types\/page"}],"author":[{"embeddable":true,"href":"https:\/\/www.sense-electra.de\/en\/wp-json\/wp\/v2\/users\/1"}],"replies":[{"embeddable":true,"href":"https:\/\/www.sense-electra.de\/en\/wp-json\/wp\/v2\/comments?post=114"}],"version-history":[{"count":0,"href":"https:\/\/www.sense-electra.de\/en\/wp-json\/wp\/v2\/pages\/114\/revisions"}],"up":[{"embeddable":true,"href":"https:\/\/www.sense-electra.de\/en\/wp-json\/wp\/v2\/pages\/56"}],"wp:attachment":[{"href":"https:\/\/www.sense-electra.de\/en\/wp-json\/wp\/v2\/media?parent=114"}],"curies":[{"name":"wp","href":"https:\/\/api.w.org\/{rel}","templated":true}]}}