{"id":208,"date":"2020-08-25T12:31:31","date_gmt":"2020-08-25T10:31:31","guid":{"rendered":"https:\/\/www.sense-electra.de\/?page_id=208"},"modified":"2026-03-26T06:26:37","modified_gmt":"2026-03-26T05:26:37","slug":"karriere","status":"publish","type":"page","link":"https:\/\/www.sense-electra.de\/en\/ueber-sense-electra\/karriere\/","title":{"rendered":"Career"},"content":{"rendered":"<h1>\n\t\tIhr Job bei uns\n\t<\/h1>\n\t<p>Wir bieten Ihnen vielf\u00e4ltige Jobs und interessante Karrierem\u00f6glichkeiten. Als wachsendes Unternehmen sind wir stetig auf der Suche nach neuen Mitarbeiter\/innen und Werkstudierenden.<\/p>\n<h2>\n\t\tAktuelle Stellenangebote \n\t<\/h2>\n\t<p>Auf welchem Karriereweg befinden Sie sich gerade? Bei uns finden Sie jederzeit ein passendes Jobangebot!<\/p>\n\t\t\t\t<img loading=\"lazy\" decoding=\"async\" src=\"https:\/\/www.sense-electra.de\/wp-content\/uploads\/2021\/06\/kundengespraech-bhkw.jpg\" alt=\"Beratung zwischen einem Fachexperten und einem Kunden\" itemprop=\"image\" height=\"333\" width=\"500\" title=\"Kundengespr\u00e4ch\" onerror=\"this.style.display='none'\"  \/>\n<h3>\n\t\tPermanent jobs\n\t<\/h3>\n\t<p>Wenn Sie gerade Ihren Abschluss gemacht haben oder schon Berufserfahrung sammeln konnten, stehen Ihnen bei uns viele Wege offen, einen zukunftsweisenden Job mit verschiedenen Entwicklungsm\u00f6glichkeiten auszu\u00fcben.<\/p>\n\t<p><a href=\"#Festanstellungen\">Our permanent jobs&gt;<\/a><\/p>\n\t\t\t\t<img loading=\"lazy\" decoding=\"async\" src=\"https:\/\/www.sense-electra.de\/wp-content\/uploads\/2021\/06\/karriere-mit-zukunft.jpg\" alt=\"Notizzettel auf einer Glaswand im Unternehmen\" itemprop=\"image\" height=\"333\" width=\"500\" title=\"Karriere mit Zukunft\" onerror=\"this.style.display='none'\"  \/>\n<h3>\n\t\tWerkstudent\/innen\n\t<\/h3>\n\t<p>Bei uns k\u00f6nnen Sie bereits w\u00e4hrend Ihres Studiums vielseitige  Einblicke ins Arbeitsleben erhalten und praktische Erfahrungen sammeln: f\u00fcr eine faire Verg\u00fctung. Wir freuen uns auf kreative K\u00f6pfe, die mit frischen Ideen unsere Firma unterst\u00fctzen und voranbringen. Und wer wei\u00df, vielleicht lernen Sie dabei gleich Ihren zuk\u00fcnftigen Arbeitgeber kennen?<\/p>\n\t<p><a href=\"#Werkstudenten\">Jobs for student trainees&gt;<\/a><\/p>\n<h2>\n\t\tWhat you can expect at sense electra\n\t<\/h2>\n<h3>\n\t\tEinarbeitung &#038; Weiterentwicklung\n\t<\/h3>\n\t<p>Comprehensive onboarding and opportunities for personal development (professional and interdisciplinary).<\/p>\n<h3>\n\t\tFamily-friendly\n\t<\/h3>\n\t<p>Our family-friendly company policy will give you the chance to combine your work and family lives.<\/p>\n<h3>\n\t\tGood transport connections\n\t<\/h3>\n\t<p>Perfekte Verkehrsanbindung: Arbeitsplatz befindet sich direkt am S- und U-Bahnhof Friedrichstra\u00dfe.<\/p>\n<h3>\n\t\tViel Spa\u00df, tolles Team &#038; echter Zusammenhalt\n\t<\/h3>\n\t<p>A value-based cultural and collegial environment (team over ego).<\/p>\n<h3>\n\t\tSch\u00f6ner &#038; moderner Arbeitsplatz\n\t<\/h3>\n\t<p>Workstations in comfortable small-group offices eliminate long communication lines.<\/p>\n<h3>\n\t\tKostenlose Softdrinks &#038; Kaffee\/Tee\n\t<\/h3>\n\t<p>Gratis Kaltgetr\u00e4nke von Cola bis Mate und Kaffee oder Tee (nat\u00fcrlich Bio!).<\/p>\n<h3>\n\t\tFaire Verg\u00fctung, nach Erfahrung\n\t<\/h3>\n\t<p>Leistungsgerechte Verg\u00fctung basierend auf einer anerkannten Gehaltsformel.<\/p>\n<h3>\n\t\tTeamevents &#038; Veranstaltungen \n\t<\/h3>\n\t<p>Regelm\u00e4\u00dfige Team- und Firmenevents.<\/p>\n<h3>\n\t\tWerte &#038; Prinzipien\n\t<\/h3>\n\t<p>Die Welt ein kleines bisschen besser und gr\u00fcner zu gestalten.<\/p>\n<h2>\n\t\tSend us your application\n\t<\/h2>\n\t<p>Schicken Sie bitte Ihre vollst\u00e4ndigen Bewerbungsunterlagen mit Lebenslauf, Anschreiben und relevanten Zeugnissen sowie Zertifikaten als PDF per E-Mail an Herrn Medl.<\/p>\n\t<p><a href=\"mailto:bewerbung@sense-electra.de\">bewerbung@sense-electra.de<\/a><\/p>\n\t<p>Should you have any further questions about our application process, please call us on:<\/p>\n\t<p>+49 30 68 32 511 25<\/p>\n<h3>\n\t\tPermanent jobs\n\t<\/h3>\n\t<p><strong>Standort Berlin<\/strong><\/p>\n<a href=\"https:\/\/www.sense-electra.de\/wp-content\/uploads\/2026\/01\/Personal.pdf\" target=\"_blank\" rel=\"noopener\"><br \/>\nMitarbeiter der Personalabteilung (m\/w\/d)<br \/>\n<\/a>\n<p><a href=\"https:\/\/www.sense-electra.de\/wp-content\/uploads\/2026\/01\/Bestandskundenbetreuung-Energiewirtschaft.pdf\" target=\"_blank\" rel=\"noopener\">Bestandskundenbetreuung (Energiewirtschaft) (m\/w\/d)<\/a><\/p>\n<p><a href=\"https:\/\/www.sense-electra.de\/wp-content\/uploads\/2025\/09\/Mitarbeiter-fuer-vorbereitende-Buchhaltung.pdf\" target=\"_blank\" rel=\"noopener\">Mitarbeiter f\u00fcr vorbereitende Buchhaltung (m\/w\/d)<\/a><\/p>\n<p><a href=\"https:\/\/www.sense-electra.de\/wp-content\/uploads\/2025\/09\/Projektmanager-fuer-erneuerbare-Energien-1-2.pdf\" target=\"_blank\" rel=\"noopener\">Projektmanager (m\/w\/d)<\/a><\/p>\n<p><a href=\"https:\/\/www.sense-electra.de\/wp-content\/uploads\/2025\/09\/Sachbearbeiter-im-Backoffice-1.pdf\" target=\"_blank\" rel=\"noopener\">Sachbearbeiter Backoffice (m\/w\/d)<\/a><\/p>\n<p><a href=\"https:\/\/www.sense-electra.de\/wp-content\/uploads\/2026\/02\/Sales-Manager-Vertriebsmitarbeiter-5.pdf\" target=\"_blank\" rel=\"noopener\">Sales Manager\/Vertriebsmitarbeiter (m\/w\/d)<\/a><\/p>\n<p><a href=\"https:\/\/www.sense-electra.de\/wp-content\/uploads\/2026\/03\/Vertriebsassistenz-neu-24326.pdf\" target=\"_blank\" rel=\"noopener\">Vertriebsassistenz (m\/w\/d)<\/a><\/p>\n<p><a href=\"https:\/\/www.sense-electra.de\/wp-content\/uploads\/2025\/09\/Anlagenmechaniker-SHK.pdf\" target=\"_blank\" rel=\"noopener\">Anlagenmechaniker SHK\/ Heizungsmonteur  (m\/w\/d)<\/a><\/p>\n<p><a href=\"https:\/\/www.sense-electra.de\/wp-content\/uploads\/2025\/09\/Junior-Anlagenmechaniker.pdf\" target=\"_blank\" rel=\"noopener\">Junior Anlagenmechaniker SHK (m\/w\/d)<\/a><\/p>\n<p><a href=\"https:\/\/www.sense-electra.de\/wp-content\/uploads\/2025\/11\/Softwareentwickler.pdf\" target=\"_blank\" rel=\"noopener\">Softwareentwickler (m\/w\/d)<\/a><\/p>\n<p><a href=\"https:\/\/www.sense-electra.de\/wp-content\/uploads\/2026\/03\/Datemmanagement-25.03.2026.pdf\" target=\"_blank\" rel=\"noopener\">Datenmanagement (m\/w\/d)<\/a><\/p>\n<p><a href=\"https:\/\/www.sense-electra.de\/wp-content\/uploads\/2023\/11\/Project_Assistant_UK.pdf\"\" target=\"_blank\" rel=\"noopener\">Project Assistant UK (m\/w\/d)<\/a><\/p>\n<p><a href=\"https:\/\/www.sense-electra.de\/wp-content\/uploads\/2025\/09\/Finanzbuchhalter-Bilanzbuchhalter.pdf\" target=\"_blank\" rel=\"noopener\"> Finanzbuchhalter \/ Bilanzbuchhalter (m\/w\/d)<\/a><\/p>\n<p><a href=\"https:\/\/www.sense-electra.de\/wp-content\/uploads\/2025\/09\/Disponent-fuer-die-Strom-und-Waermeerzeugung.pdf\" target=\"_blank\" rel=\"noopener\"> Disponent f\u00fcr die Strom- und W\u00e4rmeerzeugung (m\/w\/d)<\/a><\/p>\n<p><a href=\"https:\/\/www.sense-electra.de\/wp-content\/uploads\/2025\/09\/IT-Allrounder.pdf\" target=\"_blank\" rel=\"noopener\">IT-Allrounder (m\/w\/d)<\/a><\/p>\n<p><a href=\"https:\/\/www.sense-electra.de\/wp-content\/uploads\/2025\/09\/Marketing-Manager-SEA.pdf\" target=\"_blank\" rel=\"noopener\">Marketingmanager \u2013 SEA (m\/w\/d)<\/a><\/p>\n\t\t\t\t<img loading=\"lazy\" decoding=\"async\" src=\"https:\/\/www.sense-electra.de\/wp-content\/uploads\/2021\/06\/kundengespraech-bhkw.jpg\" alt=\"Beratung zwischen einem Fachexperten und einem Kunden\" itemprop=\"image\" height=\"333\" width=\"500\" title=\"Kundengespr\u00e4ch\" onerror=\"this.style.display='none'\"  \/>\n\t\t\t\t<img loading=\"lazy\" decoding=\"async\" src=\"https:\/\/www.sense-electra.de\/wp-content\/uploads\/2021\/06\/karriere-mit-zukunft.jpg\" alt=\"Notizzettel auf einer Glaswand im Unternehmen\" itemprop=\"image\" height=\"333\" width=\"500\" title=\"Karriere mit Zukunft\" onerror=\"this.style.display='none'\"  \/>\n<h3>\n\t\tWerkstudent\/innen\n\t<\/h3>\n\t<strong>Standort Berlin<\/strong><br \/>\n<a href=\"https:\/\/www.sense-electra.de\/wp-content\/uploads\/2025\/10\/Werkstudent-Buchhaltung.pdf\" target=\"_blank\" rel=\"noopener\">Werkstudent Buchhaltung (m\/d\/w)<\/a>\n<p><a href=\"https:\/\/www.sense-electra.de\/wp-content\/uploads\/2025\/10\/Werkstudent-Controlling.pdf\" target=\"_blank\" rel=\"noopener\">Werkstudent Controlling (m\/d\/w)<\/a><\/p>\n<p><a href=\"https:\/\/www.sense-electra.de\/wp-content\/uploads\/2026\/03\/Werkstudent-Datemmanagement-generell.pdf\" target=\"_blank\" rel=\"noopener\">Werkstudent Datenmanagement (m\/d\/w)<\/a><\/p>\n<p><a href=\"https:\/\/www.sense-electra.de\/wp-content\/uploads\/2025\/10\/Werkstudent-Personal.pdf\" target=\"_blank\" rel=\"noopener\">Werkstudent Personal (m\/d\/w)<\/a><\/p>\n<p><a href=\"https:\/\/www.sense-electra.de\/wp-content\/uploads\/2025\/11\/Werkstudent-IT-Allrounder.pdf\" target=\"_blank\" rel=\"noopener\">Werkstudent als IT-Allrounder (m\/d\/w)<\/a><\/p>\n<h3>\n\t\tInternships\n\t<\/h3>\n\tWe don\u2019t have any internships available at the moment. Please come back and take another look later on.<br \/>\nSchauen Sie gern zu einem anderen Zeitpunkt noch einmal vorbei.\n\t\t\t\t<img loading=\"lazy\" decoding=\"async\" src=\"https:\/\/www.sense-electra.de\/wp-content\/uploads\/2021\/06\/karriere-festanstellung-werkstudent-praktikum.jpg\" alt=\"Frau mit Notizblock und Bleistift in der Hand\" itemprop=\"image\" height=\"334\" width=\"500\" title=\"Festanstellung, Werkstudentent\u00e4tigkeit und Praktikum bei sense electra\" onerror=\"this.style.display='none'\"  \/>\n<h3>\n\t\tYour application\n\t<\/h3>\n\t<p>Bitte senden Sie Ihre vollst\u00e4ndigen Bewerbungsunterlagen als PDF per E-Mail an Herrn Medl.<\/p>\n\t<p><a href=\"mailto:bewerbung@sense-electra.de\">bewerbung@sense-electra.de<\/a><\/p>","protected":false},"excerpt":{"rendered":"<p>Ihr Job bei uns Wir bieten Ihnen vielf\u00e4ltige Jobs und interessante Karrierem\u00f6glichkeiten. Als wachsendes Unternehmen sind wir stetig auf der Suche nach neuen Mitarbeiter\/innen und Werkstudierenden. Aktuelle Stellenangebote Auf welchem Karriereweg befinden Sie sich gerade? Bei uns finden Sie jederzeit ein passendes Jobangebot! Festanstellungen Wenn Sie gerade Ihren Abschluss gemacht haben oder schon Berufserfahrung sammeln&hellip;<\/p>","protected":false},"author":1,"featured_media":0,"parent":62,"menu_order":0,"comment_status":"closed","ping_status":"closed","template":"","meta":{"_acf_changed":false,"footnotes":""},"acf":[],"yoast_head":"<!-- This site is optimized with the Yoast SEO plugin v23.1 - https:\/\/yoast.com\/wordpress\/plugins\/seo\/ -->\n<title>Ihre Karriere f\u00fcr die Zukunft - sense electra<\/title>\n<meta name=\"description\" content=\"Starten Sie Ihre Karriere bei sense electra. Wir bieten Ihnen attraktive Festanstellungen, Werkstudentenjobs &amp; Praktika \u25ba Job finden\" \/>\n<meta name=\"robots\" content=\"index, follow, max-snippet:-1, max-image-preview:large, max-video-preview:-1\" \/>\n<link rel=\"canonical\" href=\"https:\/\/www.sense-electra.de\/en\/ueber-sense-electra\/karriere\/\" \/>\n<meta property=\"og:locale\" content=\"en_GB\" \/>\n<meta property=\"og:type\" content=\"article\" \/>\n<meta property=\"og:title\" content=\"Ihre Karriere f\u00fcr die Zukunft - sense electra\" \/>\n<meta property=\"og:description\" content=\"Starten Sie Ihre Karriere bei sense electra. Wir bieten Ihnen attraktive Festanstellungen, Werkstudentenjobs &amp; Praktika \u25ba Job finden\" \/>\n<meta property=\"og:url\" content=\"https:\/\/www.sense-electra.de\/en\/ueber-sense-electra\/karriere\/\" \/>\n<meta property=\"og:site_name\" content=\"sense electra\" \/>\n<meta property=\"article:modified_time\" content=\"2026-03-26T05:26:37+00:00\" \/>\n<meta property=\"og:image\" content=\"https:\/\/www.sense-electra.de\/wp-content\/uploads\/2021\/06\/kundengespraech-bhkw.jpg\" \/>\n<meta name=\"twitter:card\" content=\"summary_large_image\" \/>\n<meta name=\"twitter:label1\" content=\"Estimated reading time\" \/>\n\t<meta name=\"twitter:data1\" content=\"4 minutes\" \/>\n<script type=\"application\/ld+json\" class=\"yoast-schema-graph\">{\"@context\":\"https:\/\/schema.org\",\"@graph\":[{\"@type\":\"WebPage\",\"@id\":\"https:\/\/www.sense-electra.de\/ueber-sense-electra\/karriere\/\",\"url\":\"https:\/\/www.sense-electra.de\/ueber-sense-electra\/karriere\/\",\"name\":\"Ihre Karriere f\u00fcr die Zukunft - sense electra\",\"isPartOf\":{\"@id\":\"https:\/\/www.sense-electra.de\/#website\"},\"primaryImageOfPage\":{\"@id\":\"https:\/\/www.sense-electra.de\/ueber-sense-electra\/karriere\/#primaryimage\"},\"image\":{\"@id\":\"https:\/\/www.sense-electra.de\/ueber-sense-electra\/karriere\/#primaryimage\"},\"thumbnailUrl\":\"https:\/\/www.sense-electra.de\/wp-content\/uploads\/2021\/06\/kundengespraech-bhkw.jpg\",\"datePublished\":\"2020-08-25T10:31:31+00:00\",\"dateModified\":\"2026-03-26T05:26:37+00:00\",\"description\":\"Starten Sie Ihre Karriere bei sense electra. Wir bieten Ihnen attraktive Festanstellungen, Werkstudentenjobs & Praktika \u25ba Job finden\",\"breadcrumb\":{\"@id\":\"https:\/\/www.sense-electra.de\/ueber-sense-electra\/karriere\/#breadcrumb\"},\"inLanguage\":\"en-GB\",\"potentialAction\":[{\"@type\":\"ReadAction\",\"target\":[\"https:\/\/www.sense-electra.de\/ueber-sense-electra\/karriere\/\"]}]},{\"@type\":\"ImageObject\",\"inLanguage\":\"en-GB\",\"@id\":\"https:\/\/www.sense-electra.de\/ueber-sense-electra\/karriere\/#primaryimage\",\"url\":\"https:\/\/www.sense-electra.de\/wp-content\/uploads\/2021\/06\/kundengespraech-bhkw.jpg\",\"contentUrl\":\"https:\/\/www.sense-electra.de\/wp-content\/uploads\/2021\/06\/kundengespraech-bhkw.jpg\"},{\"@type\":\"BreadcrumbList\",\"@id\":\"https:\/\/www.sense-electra.de\/ueber-sense-electra\/karriere\/#breadcrumb\",\"itemListElement\":[{\"@type\":\"ListItem\",\"position\":1,\"name\":\"Startseite\",\"item\":\"https:\/\/www.sense-electra.de\/\"},{\"@type\":\"ListItem\",\"position\":2,\"name\":\"sense electra\",\"item\":\"https:\/\/www.sense-electra.de\/ueber-sense-electra\/\"},{\"@type\":\"ListItem\",\"position\":3,\"name\":\"Karriere\"}]},{\"@type\":\"WebSite\",\"@id\":\"https:\/\/www.sense-electra.de\/#website\",\"url\":\"https:\/\/www.sense-electra.de\/\",\"name\":\"sense electra\",\"description\":\"W\u00e4rmeversorgung f\u00fcr Industrie- und Gewerbekunden\",\"potentialAction\":[{\"@type\":\"SearchAction\",\"target\":{\"@type\":\"EntryPoint\",\"urlTemplate\":\"https:\/\/www.sense-electra.de\/?s={search_term_string}\"},\"query-input\":\"required name=search_term_string\"}],\"inLanguage\":\"en-GB\"}]}<\/script>\n<!-- \/ Yoast SEO plugin. -->","yoast_head_json":{"title":"Ihre Karriere f\u00fcr die Zukunft - sense electra","description":"Starten Sie Ihre Karriere bei sense electra. Wir bieten Ihnen attraktive Festanstellungen, Werkstudentenjobs & Praktika \u25ba Job finden","robots":{"index":"index","follow":"follow","max-snippet":"max-snippet:-1","max-image-preview":"max-image-preview:large","max-video-preview":"max-video-preview:-1"},"canonical":"https:\/\/www.sense-electra.de\/en\/ueber-sense-electra\/karriere\/","og_locale":"en_GB","og_type":"article","og_title":"Ihre Karriere f\u00fcr die Zukunft - sense electra","og_description":"Starten Sie Ihre Karriere bei sense electra. Wir bieten Ihnen attraktive Festanstellungen, Werkstudentenjobs & Praktika \u25ba Job finden","og_url":"https:\/\/www.sense-electra.de\/en\/ueber-sense-electra\/karriere\/","og_site_name":"sense electra","article_modified_time":"2026-03-26T05:26:37+00:00","og_image":[{"url":"https:\/\/www.sense-electra.de\/wp-content\/uploads\/2021\/06\/kundengespraech-bhkw.jpg"}],"twitter_card":"summary_large_image","twitter_misc":{"Estimated reading time":"4 minutes"},"schema":{"@context":"https:\/\/schema.org","@graph":[{"@type":"WebPage","@id":"https:\/\/www.sense-electra.de\/ueber-sense-electra\/karriere\/","url":"https:\/\/www.sense-electra.de\/ueber-sense-electra\/karriere\/","name":"Ihre Karriere f\u00fcr die Zukunft - sense electra","isPartOf":{"@id":"https:\/\/www.sense-electra.de\/#website"},"primaryImageOfPage":{"@id":"https:\/\/www.sense-electra.de\/ueber-sense-electra\/karriere\/#primaryimage"},"image":{"@id":"https:\/\/www.sense-electra.de\/ueber-sense-electra\/karriere\/#primaryimage"},"thumbnailUrl":"https:\/\/www.sense-electra.de\/wp-content\/uploads\/2021\/06\/kundengespraech-bhkw.jpg","datePublished":"2020-08-25T10:31:31+00:00","dateModified":"2026-03-26T05:26:37+00:00","description":"Starten Sie Ihre Karriere bei sense electra. Wir bieten Ihnen attraktive Festanstellungen, Werkstudentenjobs & Praktika \u25ba Job finden","breadcrumb":{"@id":"https:\/\/www.sense-electra.de\/ueber-sense-electra\/karriere\/#breadcrumb"},"inLanguage":"en-GB","potentialAction":[{"@type":"ReadAction","target":["https:\/\/www.sense-electra.de\/ueber-sense-electra\/karriere\/"]}]},{"@type":"ImageObject","inLanguage":"en-GB","@id":"https:\/\/www.sense-electra.de\/ueber-sense-electra\/karriere\/#primaryimage","url":"https:\/\/www.sense-electra.de\/wp-content\/uploads\/2021\/06\/kundengespraech-bhkw.jpg","contentUrl":"https:\/\/www.sense-electra.de\/wp-content\/uploads\/2021\/06\/kundengespraech-bhkw.jpg"},{"@type":"BreadcrumbList","@id":"https:\/\/www.sense-electra.de\/ueber-sense-electra\/karriere\/#breadcrumb","itemListElement":[{"@type":"ListItem","position":1,"name":"Startseite","item":"https:\/\/www.sense-electra.de\/"},{"@type":"ListItem","position":2,"name":"sense electra","item":"https:\/\/www.sense-electra.de\/ueber-sense-electra\/"},{"@type":"ListItem","position":3,"name":"Karriere"}]},{"@type":"WebSite","@id":"https:\/\/www.sense-electra.de\/#website","url":"https:\/\/www.sense-electra.de\/","name":"sense electra","description":"W\u00e4rmeversorgung f\u00fcr Industrie- und Gewerbekunden","potentialAction":[{"@type":"SearchAction","target":{"@type":"EntryPoint","urlTemplate":"https:\/\/www.sense-electra.de\/?s={search_term_string}"},"query-input":"required name=search_term_string"}],"inLanguage":"en-GB"}]}},"_links":{"self":[{"href":"https:\/\/www.sense-electra.de\/en\/wp-json\/wp\/v2\/pages\/208"}],"collection":[{"href":"https:\/\/www.sense-electra.de\/en\/wp-json\/wp\/v2\/pages"}],"about":[{"href":"https:\/\/www.sense-electra.de\/en\/wp-json\/wp\/v2\/types\/page"}],"author":[{"embeddable":true,"href":"https:\/\/www.sense-electra.de\/en\/wp-json\/wp\/v2\/users\/1"}],"replies":[{"embeddable":true,"href":"https:\/\/www.sense-electra.de\/en\/wp-json\/wp\/v2\/comments?post=208"}],"version-history":[{"count":32,"href":"https:\/\/www.sense-electra.de\/en\/wp-json\/wp\/v2\/pages\/208\/revisions"}],"predecessor-version":[{"id":4212,"href":"https:\/\/www.sense-electra.de\/en\/wp-json\/wp\/v2\/pages\/208\/revisions\/4212"}],"up":[{"embeddable":true,"href":"https:\/\/www.sense-electra.de\/en\/wp-json\/wp\/v2\/pages\/62"}],"wp:attachment":[{"href":"https:\/\/www.sense-electra.de\/en\/wp-json\/wp\/v2\/media?parent=208"}],"curies":[{"name":"wp","href":"https:\/\/api.w.org\/{rel}","templated":true}]}}