{"id":3832,"date":"2022-02-28T15:54:28","date_gmt":"2022-02-28T14:54:28","guid":{"rendered":"https:\/\/www.sense-electra.de\/?page_id=3832"},"modified":"2022-03-02T10:57:04","modified_gmt":"2022-03-02T09:57:04","slug":"wir-kaufen-ihren-ueberschuessigen-solarstrom","status":"publish","type":"page","link":"https:\/\/www.sense-electra.de\/en\/wir-kaufen-ihren-ueberschuessigen-solarstrom\/","title":{"rendered":"We buy your surplus solar power"},"content":{"rendered":"<h1>\n\t\tWe buy your surplus solar power\n\t<\/h1>\n\t<p>Nach 20 Jahren endet die EEG-F\u00f6rderung f\u00fcr Solarstrom. Demnach erhalten Solaranlagenbesitzer keine Verg\u00fctung f\u00fcr die Einspeisung Ihres Solarstroms mehr.<\/p>\n<h2>\n\t\tIhre EEG-F\u00f6rderung endet bald? <\/br> Das k\u00f6nnen Sie jetzt tun!\n\t<\/h2>\n\t<p>Wir kaufen jeglichen Strom, der nicht selbst verbraucht wird, einfach ab.<\/p>\nNach Ende der F\u00f6rderlaufzeit m\u00fcssen Sie Ihre Photovoltaikanlage:<br \/>\n&#8211; nicht umr\u00fcsten<br \/>\n&#8211; nicht abbauen<br \/>\n&#8211; Sie sparen sparen sich weitere Investitionen!\n<p><strong>Stattdessen k\u00f6nnen Sie weiterhin Solarstrom produzieren und f\u00fcr diesen eine Verg\u00fctung erhalten.<\/strong><\/p>\n\t\n<div class=\"wpcf7 no-js\" id=\"wpcf7-f2755-o1\" lang=\"de-DE\" dir=\"ltr\">\n<div class=\"screen-reader-response\"><p role=\"status\" aria-live=\"polite\" aria-atomic=\"true\"><\/p> <ul><\/ul><\/div>\n<form action=\"\/en\/wp-json\/wp\/v2\/pages\/3832#wpcf7-f2755-o1\" method=\"post\" class=\"wpcf7-form init\" aria-label=\"Contact form\" novalidate=\"novalidate\" data-status=\"init\" data-trp-original-action=\"\/en\/wp-json\/wp\/v2\/pages\/3832#wpcf7-f2755-o1\">\n<div style=\"display: none;\">\n<input type=\"hidden\" name=\"_wpcf7\" value=\"2755\" \/>\n<input type=\"hidden\" name=\"_wpcf7_version\" value=\"5.9.8\" \/>\n<input type=\"hidden\" name=\"_wpcf7_locale\" value=\"de_DE_formal\" \/>\n<input type=\"hidden\" name=\"_wpcf7_unit_tag\" value=\"wpcf7-f2755-o1\" \/>\n<input type=\"hidden\" name=\"_wpcf7_container_post\" value=\"0\" \/>\n<input type=\"hidden\" name=\"_wpcf7_posted_data_hash\" value=\"\" \/>\n<\/div>\n<h3>Solarstrom Preisanfrage\n<\/h3>\n<p>Wir kaufen Ihre \u00dcbermenge an Solarstrom. Kostenfrei anfragen und Preis f\u00fcr Ihren Solarstrom erhalten.\n<\/p>\n<p><label> Abgabemenge in kWh *<br \/>\n<span class=\"wpcf7-form-control-wrap\" data-name=\"number-128\"><input size=\"40\" maxlength=\"400\" class=\"wpcf7-form-control wpcf7-text wpcf7-validates-as-required\" aria-required=\"true\" aria-invalid=\"false\" value=\"\" type=\"text\" name=\"number-128\" \/><\/span> <\/label>\n<\/p>\n<p><span id=\"wpcf7-69f47f7a31fe4-wrapper\" class=\"wpcf7-form-control-wrap telreqsense-wrap\" style=\"display:none !important; visibility:hidden !important;\"><label for=\"wpcf7-69f47f7a31fe4-field\" class=\"hp-message\">Bitte lassen Sie dieses Feld leer.<\/label><input id=\"wpcf7-69f47f7a31fe4-field\"  class=\"wpcf7-form-control wpcf7-text formnv\" type=\"text\" name=\"telreqsense\" value=\"\" size=\"40\" tabindex=\"-1\" autocomplete=\"new-password\" \/><\/span>\n<\/p>\n<p><label> Postleitzahl\/ Ort *<br \/>\n<span class=\"wpcf7-form-control-wrap\" data-name=\"PLZ\"><input size=\"40\" maxlength=\"400\" class=\"wpcf7-form-control wpcf7-text wpcf7-validates-as-required\" aria-required=\"true\" aria-invalid=\"false\" value=\"\" type=\"text\" name=\"PLZ\" \/><\/span> <\/label>\n<\/p>\n<p><label> Ihre Gesch\u00e4fts-E-Mail *<br \/>\n<span class=\"wpcf7-form-control-wrap\" data-name=\"email-526\"><input size=\"40\" maxlength=\"400\" class=\"wpcf7-form-control wpcf7-email wpcf7-validates-as-required wpcf7-text wpcf7-validates-as-email\" aria-required=\"true\" aria-invalid=\"false\" value=\"\" type=\"email\" name=\"email-526\" \/><\/span> <\/label>\n<\/p>\n<p><span id=\"ho-ph-sense-1\" class=\"wpcf7-form-control-wrap phone-or-mail-wrap\" style=\"display:none !important; visibility:hidden !important;\"><label for=\"wpcf7-69f47f7a32101-field\" class=\"hp-message\">Bitte lassen Sie dieses Feld leer.<\/label><input id=\"wpcf7-69f47f7a32101-field\"  class=\"wpcf7-form-control wpcf7-text\" type=\"text\" name=\"phone-or-mail\" value=\"\" size=\"40\" tabindex=\"-1\" autocomplete=\"new-password\" \/><\/span>\n<\/p>\n<p><label> Ihre Nachricht<br \/>\n<span class=\"wpcf7-form-control-wrap\" data-name=\"your-message\"><textarea cols=\"40\" rows=\"10\" maxlength=\"2000\" class=\"wpcf7-form-control wpcf7-textarea\" aria-invalid=\"false\" name=\"your-message\"><\/textarea><\/span> <\/label>\n<\/p>\n<p>*Pflichtfeld\n<\/p>\n<p>Bitte beachten Sie unsere <a target=\"_blank\" href=\"\/en\/datenschutz\/\">Datenschutzbestimmungen.<\/a>\n<\/p>\n<p class=\"sendwrapper\"><br \/>\n<input class=\"wpcf7-form-control wpcf7-submit has-spinner\" type=\"submit\" value=\"Preis erfragen\" \/>\n<\/p><div class=\"wpcf7-response-output\" aria-hidden=\"true\"><\/div>\n<input type=\"hidden\" name=\"trp-form-language\" value=\"en\"\/><\/form>\n<\/div>\n\n<h2>\n\t\tWhat is the renewable energies remuneration?\n\t<\/h2>\n\t<p>When the \"Renewable Energy Sources Act\" (EEG) was passed at the beginning of the 2000s, its purpose was to promote the long-term expansion of renewable energies. To do this, a renewable energies levy was introduced, which is paid by all electricity consumers as part of their electricity invoices. Individual companies are exempt if their electricity consumption exceeds a certain level.<\/p>\n<p>Mit der Abgabe wird wiederum der Ausbau von erneuerbaren Energien finanziert, welches den Klimaschutz vorantreiben soll. Betreiber von Erneuerbaren Energie-Anlagen, wie z. B. Solaranlagen,<\/p>\n\t<p>erhalten f\u00fcr die Einspeisung ihres erzeugten Stroms, ins \u00f6ffentliche Stromnetz, eine Verg\u00fctung. Der Verg\u00fctungssatz ist festgelegt und bleibt konstant f\u00fcr die gesamte F\u00f6rderlaufzeit. Jedoch verringert sich die Verg\u00fctung ebenso regelm\u00e4\u00dfig. Daraus folgt, dass PV-Anlagen, die jetzt an das Netz gehen, eine andere Verg\u00fctung bekommen, als Solaranlagen vor zehn Jahren.<\/p>\n<p>Grund daf\u00fcr ist, dass der Kostendruck Anbieter dazu bringen soll noch effizienter und kosteng\u00fcnstiger zu produzieren. Ziel der EEG-Umlage ist es, dass Technologien f\u00fcr erneuerbare Energien, ohne finanzielle und staatliche Hilfe, sich am Markt behaupten k\u00f6nnen.<\/p>\n<h2>\n\t\tWarum l\u00e4uft die Verg\u00fctung f\u00fcr Solar-Strom aus?\n\t<\/h2>\n\t<p>Im Rahmen des EEG-Gesetzes wurde die F\u00f6rderlaufzeit von Solaranlagen f\u00fcr einen Zeitraum von zwanzig Jahren festgelegt. PV-Anlagenbesitzer erhalten f\u00fcr zwanzig Jahre eine Verg\u00fctung f\u00fcr die Einspeisung Ihres Solarstroms ins \u00f6ffentliche Stromnetz, die sogenannte EEG-Verg\u00fctung. Die H\u00f6he der Verg\u00fctung ist abh\u00e4ngig vom Zeitpunkt der Inbetriebnahme, Gr\u00f6\u00dfe der Anlage und Typ (Freifl\u00e4che oder Geb\u00e4ude).<\/p>\n<p>Am 31.12.2020 wurden die ersten Solaranlagen zwanzig Jahre alt. Die Anlagenbetreiber m\u00fcssen nun entscheiden, was mit ihrer Anlage geschehen soll, nachdem die EEG-F\u00f6rderungen der installierten Solaranlagen enden.<\/p>\n\t\t\t\t<img loading=\"lazy\" decoding=\"async\" src=\"https:\/\/www.sense-electra.de\/wp-content\/uploads\/2021\/06\/photovoltaikanlage-nachhaltige-und-wirtschaftliche-nutzung.jpg\" alt=\"PV-Anlage auf Freifl\u00e4che mit blauem Himmel\" itemprop=\"image\" height=\"333\" width=\"500\" title=\"Photovoltaikanlage - nachhaltig und wirtschaflich sinnvoll\" onerror=\"this.style.display='none'\"  \/>\n\t\t\t<a href=\"#Solarstrom-Formular\" target=\"_self\" role=\"button\" rel=\"noopener\">\n\t\t\t\t\t\t\t\u00dcbermenge angeben &#038; Preis erhalten\n\t\t\t\t\t<\/a>\n<h2>\n\t\tDiese M\u00f6glichkeiten haben Sie als PV-Anlagenbesitzer\n\t<\/h2>\n\t<p>Bevor die F\u00f6rderlaufzeit und somit die Gew\u00e4hrung der Einspeiseverg\u00fctung endet, sollten PV-Anlagenbesitzer entscheiden, wie sie weiter vorgehen wollen. Diese M\u00f6glichkeiten bieten sich an:<\/p>\n<ul>\n<li>Solaranlage umr\u00fcsten<\/li>\n<li>Photovoltaikanlage neu bauen<\/li>\n<li>PV-Anlage abbauen<\/li>\n<li>Verkauf \u00fcbersch\u00fcssigen Solarstroms<\/li>\n<\/ul>\n\t<p>The first three options are very expensive and involve additional investments. The simplest and most cost-effective option is to sell the solar electricity to a suitable buyer. <\/p>\n<p>An dieser Stelle kommen wir ins Spiel, denn <strong>wir kaufen Solaranlagenbesitzern ihren Solarstrom ab<\/strong>. Daf\u00fcr zahlen wir eine entsprechende Verg\u00fctung. Die Solaranlage kann dadurch weiterhin Strom produzieren und der Anlagenbesitzer kann diesen nutzen und verkaufen.<\/p>\n<h3>\n\t\tWir kaufen \u00fcbersch\u00fcssigen Solarstrom.\n\t<\/h3>\n<h3>\n\t\tSenden Sie uns Ihre Anfrage.\n\t<\/h3>\n\t\t\t<a href=\"#Solarstrom-Formular\" target=\"_self\" role=\"button\" rel=\"noopener\">\n\t\t\t\t\t\tSolarstrom-Anfrage\n\t\t\t\t\t<\/a>","protected":false},"excerpt":{"rendered":"<p>Wir kaufen Ihren \u00fcbersch\u00fcssigen Solarstrom Nach 20 Jahren endet die EEG-F\u00f6rderung f\u00fcr Solarstrom. Demnach erhalten Solaranlagenbesitzer keine Verg\u00fctung f\u00fcr die Einspeisung Ihres Solarstroms mehr. Ihre EEG-F\u00f6rderung endet bald? Das k\u00f6nnen Sie jetzt tun! Wir kaufen jeglichen Strom, der nicht selbst verbraucht wird, einfach ab. Nach Ende der F\u00f6rderlaufzeit m\u00fcssen Sie Ihre Photovoltaikanlage: &#8211; nicht umr\u00fcsten&hellip;<\/p>","protected":false},"author":1,"featured_media":0,"parent":0,"menu_order":0,"comment_status":"closed","ping_status":"closed","template":"","meta":{"_acf_changed":false,"footnotes":""},"acf":[],"yoast_head":"<!-- This site is optimized with the Yoast SEO plugin v23.1 - https:\/\/yoast.com\/wordpress\/plugins\/seo\/ -->\n<title>Jetzt Solarstrom verkaufen nach Ende der EEG-F\u00f6rderung<\/title>\n<meta name=\"description\" content=\"\u00dcbersch\u00fcssigen Solarstrom abgeben &amp; Verg\u00fctung erhalten \u2714 f\u00fcr Gewerbekunden \u2714 kostenfreies Angebot erhalten \u27a4 Jetzt Preise anfragen\" \/>\n<meta name=\"robots\" content=\"index, follow, max-snippet:-1, max-image-preview:large, max-video-preview:-1\" \/>\n<link rel=\"canonical\" href=\"https:\/\/www.sense-electra.de\/en\/wir-kaufen-ihren-ueberschuessigen-solarstrom\/\" \/>\n<meta property=\"og:locale\" content=\"en_GB\" \/>\n<meta property=\"og:type\" content=\"article\" \/>\n<meta property=\"og:title\" content=\"Jetzt Solarstrom verkaufen nach Ende der EEG-F\u00f6rderung\" \/>\n<meta property=\"og:description\" content=\"\u00dcbersch\u00fcssigen Solarstrom abgeben &amp; Verg\u00fctung erhalten \u2714 f\u00fcr Gewerbekunden \u2714 kostenfreies Angebot erhalten \u27a4 Jetzt Preise anfragen\" \/>\n<meta property=\"og:url\" content=\"https:\/\/www.sense-electra.de\/en\/wir-kaufen-ihren-ueberschuessigen-solarstrom\/\" \/>\n<meta property=\"og:site_name\" content=\"sense electra\" \/>\n<meta property=\"article:modified_time\" content=\"2022-03-02T09:57:04+00:00\" \/>\n<meta property=\"og:image\" content=\"https:\/\/www.sense-electra.de\/wp-content\/uploads\/2021\/06\/photovoltaikanlage-nachhaltige-und-wirtschaftliche-nutzung.jpg\" \/>\n<meta name=\"twitter:card\" content=\"summary_large_image\" \/>\n<meta name=\"twitter:label1\" content=\"Estimated reading time\" \/>\n\t<meta name=\"twitter:data1\" content=\"3 minutes\" \/>\n<script type=\"application\/ld+json\" class=\"yoast-schema-graph\">{\"@context\":\"https:\/\/schema.org\",\"@graph\":[{\"@type\":\"WebPage\",\"@id\":\"https:\/\/www.sense-electra.de\/wir-kaufen-ihren-ueberschuessigen-solarstrom\/\",\"url\":\"https:\/\/www.sense-electra.de\/wir-kaufen-ihren-ueberschuessigen-solarstrom\/\",\"name\":\"Jetzt Solarstrom verkaufen nach Ende der EEG-F\u00f6rderung\",\"isPartOf\":{\"@id\":\"https:\/\/www.sense-electra.de\/#website\"},\"primaryImageOfPage\":{\"@id\":\"https:\/\/www.sense-electra.de\/wir-kaufen-ihren-ueberschuessigen-solarstrom\/#primaryimage\"},\"image\":{\"@id\":\"https:\/\/www.sense-electra.de\/wir-kaufen-ihren-ueberschuessigen-solarstrom\/#primaryimage\"},\"thumbnailUrl\":\"https:\/\/www.sense-electra.de\/wp-content\/uploads\/2021\/06\/photovoltaikanlage-nachhaltige-und-wirtschaftliche-nutzung.jpg\",\"datePublished\":\"2022-02-28T14:54:28+00:00\",\"dateModified\":\"2022-03-02T09:57:04+00:00\",\"description\":\"\u00dcbersch\u00fcssigen Solarstrom abgeben & Verg\u00fctung erhalten \u2714 f\u00fcr Gewerbekunden \u2714 kostenfreies Angebot erhalten \u27a4 Jetzt Preise anfragen\",\"breadcrumb\":{\"@id\":\"https:\/\/www.sense-electra.de\/wir-kaufen-ihren-ueberschuessigen-solarstrom\/#breadcrumb\"},\"inLanguage\":\"en-GB\",\"potentialAction\":[{\"@type\":\"ReadAction\",\"target\":[\"https:\/\/www.sense-electra.de\/wir-kaufen-ihren-ueberschuessigen-solarstrom\/\"]}]},{\"@type\":\"ImageObject\",\"inLanguage\":\"en-GB\",\"@id\":\"https:\/\/www.sense-electra.de\/wir-kaufen-ihren-ueberschuessigen-solarstrom\/#primaryimage\",\"url\":\"https:\/\/www.sense-electra.de\/wp-content\/uploads\/2021\/06\/photovoltaikanlage-nachhaltige-und-wirtschaftliche-nutzung.jpg\",\"contentUrl\":\"https:\/\/www.sense-electra.de\/wp-content\/uploads\/2021\/06\/photovoltaikanlage-nachhaltige-und-wirtschaftliche-nutzung.jpg\"},{\"@type\":\"BreadcrumbList\",\"@id\":\"https:\/\/www.sense-electra.de\/wir-kaufen-ihren-ueberschuessigen-solarstrom\/#breadcrumb\",\"itemListElement\":[{\"@type\":\"ListItem\",\"position\":1,\"name\":\"Startseite\",\"item\":\"https:\/\/www.sense-electra.de\/\"},{\"@type\":\"ListItem\",\"position\":2,\"name\":\"Wir kaufen Ihren \u00fcbersch\u00fcssigen Solarstrom\"}]},{\"@type\":\"WebSite\",\"@id\":\"https:\/\/www.sense-electra.de\/#website\",\"url\":\"https:\/\/www.sense-electra.de\/\",\"name\":\"sense electra\",\"description\":\"W\u00e4rmeversorgung f\u00fcr Industrie- und Gewerbekunden\",\"potentialAction\":[{\"@type\":\"SearchAction\",\"target\":{\"@type\":\"EntryPoint\",\"urlTemplate\":\"https:\/\/www.sense-electra.de\/?s={search_term_string}\"},\"query-input\":\"required name=search_term_string\"}],\"inLanguage\":\"en-GB\"}]}<\/script>\n<!-- \/ Yoast SEO plugin. -->","yoast_head_json":{"title":"Jetzt Solarstrom verkaufen nach Ende der EEG-F\u00f6rderung","description":"\u00dcbersch\u00fcssigen Solarstrom abgeben & Verg\u00fctung erhalten \u2714 f\u00fcr Gewerbekunden \u2714 kostenfreies Angebot erhalten \u27a4 Jetzt Preise anfragen","robots":{"index":"index","follow":"follow","max-snippet":"max-snippet:-1","max-image-preview":"max-image-preview:large","max-video-preview":"max-video-preview:-1"},"canonical":"https:\/\/www.sense-electra.de\/en\/wir-kaufen-ihren-ueberschuessigen-solarstrom\/","og_locale":"en_GB","og_type":"article","og_title":"Jetzt Solarstrom verkaufen nach Ende der EEG-F\u00f6rderung","og_description":"\u00dcbersch\u00fcssigen Solarstrom abgeben & Verg\u00fctung erhalten \u2714 f\u00fcr Gewerbekunden \u2714 kostenfreies Angebot erhalten \u27a4 Jetzt Preise anfragen","og_url":"https:\/\/www.sense-electra.de\/en\/wir-kaufen-ihren-ueberschuessigen-solarstrom\/","og_site_name":"sense electra","article_modified_time":"2022-03-02T09:57:04+00:00","og_image":[{"url":"https:\/\/www.sense-electra.de\/wp-content\/uploads\/2021\/06\/photovoltaikanlage-nachhaltige-und-wirtschaftliche-nutzung.jpg"}],"twitter_card":"summary_large_image","twitter_misc":{"Estimated reading time":"3 minutes"},"schema":{"@context":"https:\/\/schema.org","@graph":[{"@type":"WebPage","@id":"https:\/\/www.sense-electra.de\/wir-kaufen-ihren-ueberschuessigen-solarstrom\/","url":"https:\/\/www.sense-electra.de\/wir-kaufen-ihren-ueberschuessigen-solarstrom\/","name":"Jetzt Solarstrom verkaufen nach Ende der EEG-F\u00f6rderung","isPartOf":{"@id":"https:\/\/www.sense-electra.de\/#website"},"primaryImageOfPage":{"@id":"https:\/\/www.sense-electra.de\/wir-kaufen-ihren-ueberschuessigen-solarstrom\/#primaryimage"},"image":{"@id":"https:\/\/www.sense-electra.de\/wir-kaufen-ihren-ueberschuessigen-solarstrom\/#primaryimage"},"thumbnailUrl":"https:\/\/www.sense-electra.de\/wp-content\/uploads\/2021\/06\/photovoltaikanlage-nachhaltige-und-wirtschaftliche-nutzung.jpg","datePublished":"2022-02-28T14:54:28+00:00","dateModified":"2022-03-02T09:57:04+00:00","description":"\u00dcbersch\u00fcssigen Solarstrom abgeben & Verg\u00fctung erhalten \u2714 f\u00fcr Gewerbekunden \u2714 kostenfreies Angebot erhalten \u27a4 Jetzt Preise anfragen","breadcrumb":{"@id":"https:\/\/www.sense-electra.de\/wir-kaufen-ihren-ueberschuessigen-solarstrom\/#breadcrumb"},"inLanguage":"en-GB","potentialAction":[{"@type":"ReadAction","target":["https:\/\/www.sense-electra.de\/wir-kaufen-ihren-ueberschuessigen-solarstrom\/"]}]},{"@type":"ImageObject","inLanguage":"en-GB","@id":"https:\/\/www.sense-electra.de\/wir-kaufen-ihren-ueberschuessigen-solarstrom\/#primaryimage","url":"https:\/\/www.sense-electra.de\/wp-content\/uploads\/2021\/06\/photovoltaikanlage-nachhaltige-und-wirtschaftliche-nutzung.jpg","contentUrl":"https:\/\/www.sense-electra.de\/wp-content\/uploads\/2021\/06\/photovoltaikanlage-nachhaltige-und-wirtschaftliche-nutzung.jpg"},{"@type":"BreadcrumbList","@id":"https:\/\/www.sense-electra.de\/wir-kaufen-ihren-ueberschuessigen-solarstrom\/#breadcrumb","itemListElement":[{"@type":"ListItem","position":1,"name":"Startseite","item":"https:\/\/www.sense-electra.de\/"},{"@type":"ListItem","position":2,"name":"Wir kaufen Ihren \u00fcbersch\u00fcssigen Solarstrom"}]},{"@type":"WebSite","@id":"https:\/\/www.sense-electra.de\/#website","url":"https:\/\/www.sense-electra.de\/","name":"sense electra","description":"W\u00e4rmeversorgung f\u00fcr Industrie- und Gewerbekunden","potentialAction":[{"@type":"SearchAction","target":{"@type":"EntryPoint","urlTemplate":"https:\/\/www.sense-electra.de\/?s={search_term_string}"},"query-input":"required name=search_term_string"}],"inLanguage":"en-GB"}]}},"_links":{"self":[{"href":"https:\/\/www.sense-electra.de\/en\/wp-json\/wp\/v2\/pages\/3832"}],"collection":[{"href":"https:\/\/www.sense-electra.de\/en\/wp-json\/wp\/v2\/pages"}],"about":[{"href":"https:\/\/www.sense-electra.de\/en\/wp-json\/wp\/v2\/types\/page"}],"author":[{"embeddable":true,"href":"https:\/\/www.sense-electra.de\/en\/wp-json\/wp\/v2\/users\/1"}],"replies":[{"embeddable":true,"href":"https:\/\/www.sense-electra.de\/en\/wp-json\/wp\/v2\/comments?post=3832"}],"version-history":[{"count":0,"href":"https:\/\/www.sense-electra.de\/en\/wp-json\/wp\/v2\/pages\/3832\/revisions"}],"wp:attachment":[{"href":"https:\/\/www.sense-electra.de\/en\/wp-json\/wp\/v2\/media?parent=3832"}],"curies":[{"name":"wp","href":"https:\/\/api.w.org\/{rel}","templated":true}]}}