{"id":4021,"date":"2023-10-05T11:28:48","date_gmt":"2023-10-05T09:28:48","guid":{"rendered":"https:\/\/www.sense-electra.de\/?page_id=4021"},"modified":"2023-11-22T17:33:10","modified_gmt":"2023-11-22T16:33:10","slug":"guenstige-stromtarife","status":"publish","type":"page","link":"https:\/\/www.sense-electra.de\/en\/guenstige-stromtarife\/","title":{"rendered":"G\u00fcnstige Tarife f\u00fcr Gewerbestrom"},"content":{"rendered":"<h1>\n\t\tG\u00fcnstige Tarife<br> f\u00fcr Gewerbestrom\n\t<\/h1>\n\t<p>Do you consume more than 100,000 kWh of electricity per year? Is your company based in Germany? Then we\u2019ll find low-cost electricity and the right electricity tariff for your company!<\/p>\n\t<p><strong>What we offer:<\/strong><\/p>\n\t<ul>\n<li>Price comparison \u2013 free of charge<\/li>\n<li>Low-cost electricity tariffs<\/li>\n<li>You are under no obligation to purchase<\/li>\n<\/ul>\n\t<p><strong>Get your customised electricity tariff to the latest conditions now!<\/strong><\/p>\n<h3>\n\t\tStromtarife f\u00fcr Abnahmemengen \u00fcber 100.000 kWh\n\t<\/h3>\n\t\n<div class=\"wpcf7 no-js\" id=\"wpcf7-f3880-o1\" lang=\"de-DE\" dir=\"ltr\">\n<div class=\"screen-reader-response\"><p role=\"status\" aria-live=\"polite\" aria-atomic=\"true\"><\/p> <ul><\/ul><\/div>\n<form action=\"\/en\/wp-json\/wp\/v2\/pages\/4021#wpcf7-f3880-o1\" method=\"post\" class=\"wpcf7-form init\" aria-label=\"Contact form\" novalidate=\"novalidate\" data-status=\"init\" data-trp-original-action=\"\/en\/wp-json\/wp\/v2\/pages\/4021#wpcf7-f3880-o1\">\n<div style=\"display: none;\">\n<input type=\"hidden\" name=\"_wpcf7\" value=\"3880\" \/>\n<input type=\"hidden\" name=\"_wpcf7_version\" value=\"5.9.8\" \/>\n<input type=\"hidden\" name=\"_wpcf7_locale\" value=\"de_DE_formal\" \/>\n<input type=\"hidden\" name=\"_wpcf7_unit_tag\" value=\"wpcf7-f3880-o1\" \/>\n<input type=\"hidden\" name=\"_wpcf7_container_post\" value=\"0\" \/>\n<input type=\"hidden\" name=\"_wpcf7_posted_data_hash\" value=\"\" \/>\n<\/div>\n<p><span id=\"wpcf7-69f72f513a272-wrapper\" class=\"wpcf7-form-control-wrap telreqsense-wrap\" style=\"display:none !important; visibility:hidden !important;\"><label for=\"wpcf7-69f72f513a272-field\" class=\"hp-message\">Bitte lassen Sie dieses Feld leer.<\/label><input id=\"wpcf7-69f72f513a272-field\"  class=\"wpcf7-form-control wpcf7-text formnv\" type=\"text\" name=\"telreqsense\" value=\"\" size=\"40\" tabindex=\"-1\" autocomplete=\"new-password\" \/><\/span>\n<\/p>\n<p><label> <span class=\"formBHKW\">Stromverbrauch pro Jahr*<\/span><br \/>\n<span class=\"wpcf7-form-control-wrap\" data-name=\"stromverbrauch-1\"><input size=\"40\" maxlength=\"400\" class=\"wpcf7-form-control wpcf7-text wpcf7-validates-as-required\" aria-required=\"true\" aria-invalid=\"false\" value=\"\" type=\"text\" name=\"stromverbrauch-1\" \/><\/span> <\/label>\n<\/p>\n<p><label> <span class=\"formBHKW\">Wo wird der Strom ben\u00f6tigt? *<\/span><br \/>\n<span class=\"wpcf7-form-control-wrap\" data-name=\"PLZ-1\"><input size=\"40\" maxlength=\"400\" class=\"wpcf7-form-control wpcf7-text wpcf7-validates-as-required\" aria-required=\"true\" aria-invalid=\"false\" placeholder=\"Ort\/Postleitzahl\" value=\"\" type=\"text\" name=\"PLZ-1\" \/><\/span> <\/label>\n<\/p>\n<p><span id=\"wpcf7-69f72f513a460-wrapper\" class=\"wpcf7-form-control-wrap addresssense-wrap\" style=\"display:none !important; visibility:hidden !important;\"><label for=\"wpcf7-69f72f513a460-field\" class=\"hp-message\">Bitte lassen Sie dieses Feld leer.<\/label><input id=\"wpcf7-69f72f513a460-field\"  class=\"wpcf7-form-control wpcf7-text formnv\" type=\"text\" name=\"addresssense\" value=\"\" size=\"40\" tabindex=\"-1\" autocomplete=\"new-password\" \/><\/span>\n<\/p>\n<p><label> <span class=\"formBHKW\">Ihre R\u00fcckrufnummer oder E-Mail Adresse*<\/span><br \/>\n<span class=\"wpcf7-form-control-wrap\" data-name=\"tel-1\"><input size=\"40\" maxlength=\"400\" class=\"wpcf7-form-control wpcf7-text wpcf7-validates-as-required\" aria-required=\"true\" aria-invalid=\"false\" value=\"\" type=\"text\" name=\"tel-1\" \/><\/span> <\/label>\n<\/p>\n<p><label> <span class=\"formBHKW\">Datenschutz *<\/span><br \/>\n<span class=\"wpcf7-form-control-wrap\" data-name=\"acceptance-786\"><span class=\"wpcf7-form-control wpcf7-acceptance\"><span class=\"wpcf7-list-item\"><label><input type=\"checkbox\" name=\"acceptance-786\" value=\"1\" aria-invalid=\"false\" \/><span class=\"wpcf7-list-item-label\">Ich habe die <a target=\"_blank\" href=\"\/en\/datenschutz\/\">Datenschutzbestimmungen<\/a> zur Kenntnis genommen<\/span><\/label><\/span><\/span><\/span> <\/label>\n<\/p>\n<p><input class=\"wpcf7-form-control wpcf7-submit has-spinner\" type=\"submit\" value=\"Anfrage senden\" \/>\n<\/p><div class=\"wpcf7-response-output\" aria-hidden=\"true\"><\/div>\n<input type=\"hidden\" name=\"trp-form-language\" value=\"en\"\/><\/form>\n<\/div>\n\n<h2>\n\t\tHow you benefit from our energy tariffs\n\t<\/h2>\n\t<p>You get your own personal contact person<\/p>\n\t<p>We\u2019ll check for any potential (tax) benefits<\/p>\n\t<p>We\u2019ll switch supplier contracts and contract stipulations on your behalf<\/p>\n\t<p>You\u2019ll receive a monthly evaluation of your load profile<\/p>\n<h2>\n\t\tEnergiekosten senken durch g\u00fcnstige Gewerbestromtarife\n\t<\/h2>\n\t<p>To be able to ensure our customers a reliable electricity supply, we work with long-standing partners. Our electricity tariffs depend on current electricity market conditions and your energy consumption. With a focus on renewable energies and modern CHP technology, we purchase electricity from various sources, such as directly on the electricity exchange, and we also produce our own. This enables us to offer you low-cost electricity and heat tariffs, regardless of your industrial sector.<\/p>\n<p>We will send you an offer for an alternative energy supplier - free of charge and without obligation. When you switch energy suppliers, we\u2019ll take care of the administration involved when switching suppliers.<\/p>\n\t\t\t<a href=\"#\" id=\"fl-accordion--label-0\" tabindex=\"0\" aria-controls=\"fl-accordion--panel-0\">weiterlesen<\/a>\n\t\t\t\t\t\t\t<a href=\"#\" id=\"fl-accordion--icon-0\" tabindex=\"0\" aria-controls=\"fl-accordion--panel-0\"><i>Expand<\/i><\/a>\n\t\t<h3>Wirtschaftlicher Fokus: Gewerbestrom f\u00fcr Unternehmer<\/h3><br \/>\nAls Gewerbetreibender ist es wichtig, nicht nur den Stromverbrauch zu beobachten, sondern auch die dazugeh\u00f6rigen Ausgaben wie z. B. Geb\u00fchren f\u00fcr den Netzbetreiber. In Anbetracht der gestiegenen Stromkosten auf den j\u00e4hrlichen Verbrauch gesehen, speziell seit 2022, stellen diese Kosten weiteren Aufwand dar. Nichtsdestotrotz bietet der Energiemarkt die M\u00f6glichkeit, Wettbewerbsvorteile zu nutzen, indem Gewerbestrom von alternativen Energieanbietern erworben wird, und zwar zu verbesserten Konditionen und einem g\u00fcnstigeren Preis.\nDie Vorgehensweise ist identisch mit der f\u00fcr konventionellen Gewerbestrom: Sie geben die Postleitzahl, den j\u00e4hrlichen Verbrauch in kWh und ein paar wenige Informationen mehr ein, und wir liefern Ihnen das beste Preis-Leistungsangebot. Falls Sie einen \u00d6kostromtarif ausw\u00e4hlen, leisten Sie zudem einen wichtigen Beitrag zum Klimaschutz.<br \/>\n<h3>Berechnung des Stromverbrauchs f\u00fcr Ihr Gewerbe<\/h3><br \/>\nDie Mehrheit der Unternehmen erh\u00e4lt den Strom zum Gewerbetarif auf dieselbe Art wie Privathaushalte. Ein herk\u00f6mmlicher Z\u00e4hler im Keller misst den Stromverbrauch, und einmal im Jahr erhalten Sie die Abrechnung vom lokalen Energieversorger. In diesem Fall k\u00f6nnen Sie sofort einen Online-Stromvergleich durchf\u00fchren, Alles, was Sie dazu ben\u00f6tigen, ist die Postleitzahl des Standortes, an dem sich Ihr Betrieb befindet, und Ihren Verbrauch in kWh. Im Wesentlichen setzt sich der Gewerbestrompreis aus \u00e4hnlichen Komponenten zusammen wie bei Privathaushalten. Faktoren umfassen Kosten f\u00fcr Transport \/ Vermarktung \/ Vertrieb \/ Gewinnmarge \/ Steuern \/ Geb\u00fchren vom Netzbetreiber\n\t\t\t\t<img decoding=\"async\" src=\"https:\/\/www.sense-electra.de\/wp-content\/uploads\/2021\/06\/kosten-senken-mit-bhkw.jpg\" alt=\"Steigende M\u00fcnzstapel und leuchtende Gl\u00fchlampe\" itemprop=\"image\" title=\"Mit einem BHKW Strom und Geld sparen\" onerror=\"this.style.display='none'\"  \/>\n\t\t\t<a href=\"#Stromanfrage\" target=\"_self\" role=\"button\" rel=\"noopener\">\n\t\t\t\t\t\tNon-binding enquiry\n\t\t\t\t\t<\/a>\n\t<p class=\"translation-block\">Compare electricity prices and get a quote for low-cost electricity - <strong> customised, free of charge, <\/strong> and <strong>with no purchase obligation. <\/strong><\/p>\n\t\t\t<a href=\"#Stromanfrage\" target=\"_self\" role=\"button\" rel=\"noopener\">\n\t\t\t\t\t\tNon-binding enquiry\n\t\t\t\t\t<\/a>\n<h2>\n\t\tHow to take advantage of our energy tariffs\n\t<\/h2>\n\t\t\t\t<img decoding=\"async\" src=\"https:\/\/www.sense-electra.de\/wp-content\/uploads\/2021\/10\/Zahl-1-dunkelgruen.png\" alt=\"Zahl 1 - dunkelgruen\" itemprop=\"image\" title=\"Zahl 1 - dunkelgruen\" onerror=\"this.style.display='none'\"  \/>\n\t<p class=\"translation-block\"><strong> Send us your request <\/strong> with postcode and consumption<\/p>\n\t\t\t\t<img decoding=\"async\" src=\"https:\/\/www.sense-electra.de\/wp-content\/uploads\/2021\/10\/Zahl-2-dunkelgruen.png\" alt=\"Zahl 2 - dunkelgruen\" itemprop=\"image\" title=\"Zahl 2 - dunkelgruen\" onerror=\"this.style.display='none'\"  \/>\n\t<p>Wir <strong>finden <\/strong>- <strong>We\u2019ll <strong> find the cheapest electricity tariff <\/strong> in your region.<\/strong> in Ihrer Region.<\/p>\n\t\t\t\t<img decoding=\"async\" src=\"https:\/\/www.sense-electra.de\/wp-content\/uploads\/2021\/10\/Zahl-3-dunkelgruen.png\" alt=\"Zahl 3 - dunkelgruen\" itemprop=\"image\" title=\"Zahl 3 - dunkelgruen\" onerror=\"this.style.display='none'\"  \/>\n\t<p>Sie <strong>You receive an individual, , gas tariff \u2013 <strong> at no cost.<\/strong> <\/strong>You receive an individual, customised <strong> energy tariff \u2013 at no cost. <\/strong> <strong>Energietarif.<\/strong><\/p>\n\t\t\t\t<img decoding=\"async\" src=\"https:\/\/www.sense-electra.de\/wp-content\/uploads\/2021\/10\/Zahl-4-dunkelgruen.png\" alt=\"Zahl 4 - dunkelgruen\" itemprop=\"image\" title=\"Zahl 4 - dunkelgruen\" onerror=\"this.style.display='none'\"  \/>\n\t<p class=\"translation-block\">You <strong> switch to a new energy supplier <\/strong>and <strong> pay less for your energy. <\/strong><\/p>\n\t\t\t\t<img decoding=\"async\" src=\"https:\/\/www.sense-electra.de\/wp-content\/uploads\/2021\/06\/energiedienstleister-fuer-blockheizkraftwerke-gewerbe-1-1024x682.jpg\" alt=\"Strommast vor blauem Himmel auf gr\u00fcnem Feld\" itemprop=\"image\" title=\"Energiedienstleister Strom und W\u00e4rme f\u00fcr Gewerbe\" onerror=\"this.style.display='none'\"  \/>\n<h2>\n\t\tOur low-cost tariffs\n\t<\/h2>\n\t<p>Thanks to both our many contacts and long-standing relationships with various energy suppliers as well as a large network of partners, we can find your business a low-cost electricity tariff.<\/p>\n<p>Our electricity experts always keep an eye on price developments on the EEX, the electricity exchange in Leipzig.<\/p>\n\t\t\t<a href=\"#\" id=\"fl-accordion--label-0\" tabindex=\"0\" aria-controls=\"fl-accordion--panel-0\">weiterlesen<\/a>\n\t\t\t\t\t\t\t<a href=\"#\" id=\"fl-accordion--icon-0\" tabindex=\"0\" aria-controls=\"fl-accordion--panel-0\"><i>Expand<\/i><\/a>\n\t\t<h3>Die Vielfalt der Strombeschaffung<\/h3><br \/>\nDie Strategien der Gewerbestromlieferanten in Bezug auf ihre Strombeschaffung variieren erheblich. Gewerbetreibende haben die Chance, von den zunehmenden Preisdifferenzen bei den Angeboten Ihren Nutzen zu ziehen, wenn sie das richtige Produkt ausw\u00e4hlen. Der preiswerteste Strom ist nicht zwangsl\u00e4ufig am besten f\u00fcr Sie. Mithilfe unserer Angebotsrecherche k\u00f6nnen Sie faire und verl\u00e4ssliche Stromtarife von ausgew\u00e4hlten Partnern ermitteln, die genau auf Ihren kWh-Verbrauch und Ihr Gewerbe zugeschnitten sind.\n<h3>Spezielle Kundenanforderungen<\/h3>\n<p>Die zweite Gruppe von Gewerbekunden umfasst Unternehmen mit einem h\u00f6heren Stromverbrauch, die eine sogenannte registrierende Leistungsmessung (RLM) nutzen. Das bedeutet, dass ein sogenannter Lastgangz\u00e4hler im Viertelstundentakt misst, wie viel Strom in diesem Zeitraum verbraucht wird. Diese Daten werden drahtlos oder \u00fcber eine Telefondose an den Energieanbieter \u00fcbertragen. RLM-Kunden haben die M\u00f6glichkeit, ma\u00dfgeschneiderte Angebote zu erhalten. Die sense electra f\u00fchrt eine Marktrecherche durch, bei der alle relevanten Anbieter ber\u00fccksichtigt werden. Sie erhalten ein passendes Angebot \u00fcbersichtlich pr\u00e4sentiert und k\u00f6nnen so von unserer Marktexpertise profitieren.<\/p>\n<h3>Unterbrechungsfreie Energieversorgung f\u00fcr Ihr Gewerbe<\/h3>\n<p>Im Falle, dass Sie Ihren Anbieter f\u00fcr Gewerbestrom wechseln m\u00fcssen Sie sich keine Sorgen machen, dass die Stromversorgung unterbrochen wird. Dieser Wechsel zwischen den Anbietern erfolgt reibungslos und ist lediglich auf der Abrechnung erkennbar. Die Z\u00e4hler und Leitungen bleiben Eigentum des \u00f6rtlichen Netzbetreibers, der auch weiterhin Ihr Ansprechpartner vor Ort bei St\u00f6rungen ist.<\/p>\n<h3>Beratung durch unsere Experten und nahtloser \u00dcbergang<\/h3>\n<p>Falls Sie unsicher sind oder Fragen zu unserem kostenlosen Gewerbestrom-Vergleich, den empfohlenen Tarifen oder dem Wechsel haben, stehen Ihnen unsere geschulten Mitarbeiter unter 030 683 2511 10 zur Verf\u00fcgung. Wir sind gerne bereit Ihr Unternehmen zu unterst\u00fctzen und Sie telefonisch zu beraten. Ein professioneller Energieberater kann Ihnen helfen, Ihren Stromverbrauch zu optimieren.<\/p>\n<h3>\n\t\tPassende, g\u00fcnstige Stromtarife &#8211;\n\t<\/h3>\n<h3>\n\t\twe\u2019ll help you lower your energy costs.\n\t<\/h3>\n\t\t\t<a href=\"#Stromanfrage\" target=\"_self\" role=\"button\" rel=\"noopener\">\n\t\t\t\t\t\tRequest electricity tariff\n\t\t\t\t\t<\/a>","protected":false},"excerpt":{"rendered":"<p>G\u00fcnstige Tarife f\u00fcr Gewerbestrom Ihr Stromverbrauch liegt j\u00e4hrlich \u00fcber 100.000 kWh und Ihr Firmensitz ist in Deutschland? Dann finden wir f\u00fcr Ihr Gewerbe einen g\u00fcnstigen und passenden Stromtarif! Unser Angebot kostenfreie Angebotserstellung g\u00fcnstige Stromtarife keine Abnahmeverpflichtung Ihrerseits Jetzt Anfrage senden und passgenauen, g\u00fcnstigen Stromtarif erhalten! Stromtarife f\u00fcr Abnahmemengen \u00fcber 100.000 kWh Ihre Vorteile mit unseren&hellip;<\/p>","protected":false},"author":4,"featured_media":0,"parent":0,"menu_order":0,"comment_status":"closed","ping_status":"closed","template":"","meta":{"_acf_changed":false,"footnotes":""},"acf":[],"yoast_head":"<!-- This site is optimized with the Yoast SEO plugin v23.1 - https:\/\/yoast.com\/wordpress\/plugins\/seo\/ -->\n<title>G\u00fcnstige Tarife f\u00fcr Gewerbestrom - sense electra<\/title>\n<meta name=\"description\" content=\"Kostenfreies Angebot f\u00fcr Abnahmemengen ab 100.000 kWh erhalten. Keine Abnahmeverpflichtung. F\u00fcr Gewerbe- und Industriekunden.\" \/>\n<meta name=\"robots\" content=\"index, follow, max-snippet:-1, max-image-preview:large, max-video-preview:-1\" \/>\n<link rel=\"canonical\" href=\"https:\/\/www.sense-electra.de\/en\/guenstige-stromtarife\/\" \/>\n<meta property=\"og:locale\" content=\"en_GB\" \/>\n<meta property=\"og:type\" content=\"article\" \/>\n<meta property=\"og:title\" content=\"G\u00fcnstige Tarife f\u00fcr Gewerbestrom - sense electra\" \/>\n<meta property=\"og:description\" content=\"Kostenfreies Angebot f\u00fcr Abnahmemengen ab 100.000 kWh erhalten. Keine Abnahmeverpflichtung. F\u00fcr Gewerbe- und Industriekunden.\" \/>\n<meta property=\"og:url\" content=\"https:\/\/www.sense-electra.de\/en\/guenstige-stromtarife\/\" \/>\n<meta property=\"og:site_name\" content=\"sense electra\" \/>\n<meta property=\"article:modified_time\" content=\"2023-11-22T16:33:10+00:00\" \/>\n<meta property=\"og:image\" content=\"https:\/\/www.sense-electra.de\/wp-content\/uploads\/2021\/06\/kosten-senken-mit-bhkw.jpg\" \/>\n<meta name=\"twitter:card\" content=\"summary_large_image\" \/>\n<meta name=\"twitter:label1\" content=\"Estimated reading time\" \/>\n\t<meta name=\"twitter:data1\" content=\"4 minutes\" \/>\n<script type=\"application\/ld+json\" class=\"yoast-schema-graph\">{\"@context\":\"https:\/\/schema.org\",\"@graph\":[{\"@type\":\"WebPage\",\"@id\":\"https:\/\/www.sense-electra.de\/guenstige-stromtarife\/\",\"url\":\"https:\/\/www.sense-electra.de\/guenstige-stromtarife\/\",\"name\":\"G\u00fcnstige Tarife f\u00fcr Gewerbestrom - sense electra\",\"isPartOf\":{\"@id\":\"https:\/\/www.sense-electra.de\/#website\"},\"primaryImageOfPage\":{\"@id\":\"https:\/\/www.sense-electra.de\/guenstige-stromtarife\/#primaryimage\"},\"image\":{\"@id\":\"https:\/\/www.sense-electra.de\/guenstige-stromtarife\/#primaryimage\"},\"thumbnailUrl\":\"https:\/\/www.sense-electra.de\/wp-content\/uploads\/2021\/06\/kosten-senken-mit-bhkw.jpg\",\"datePublished\":\"2023-10-05T09:28:48+00:00\",\"dateModified\":\"2023-11-22T16:33:10+00:00\",\"description\":\"Kostenfreies Angebot f\u00fcr Abnahmemengen ab 100.000 kWh erhalten. Keine Abnahmeverpflichtung. F\u00fcr Gewerbe- und Industriekunden.\",\"breadcrumb\":{\"@id\":\"https:\/\/www.sense-electra.de\/guenstige-stromtarife\/#breadcrumb\"},\"inLanguage\":\"en-GB\",\"potentialAction\":[{\"@type\":\"ReadAction\",\"target\":[\"https:\/\/www.sense-electra.de\/guenstige-stromtarife\/\"]}]},{\"@type\":\"ImageObject\",\"inLanguage\":\"en-GB\",\"@id\":\"https:\/\/www.sense-electra.de\/guenstige-stromtarife\/#primaryimage\",\"url\":\"https:\/\/www.sense-electra.de\/wp-content\/uploads\/2021\/06\/kosten-senken-mit-bhkw.jpg\",\"contentUrl\":\"https:\/\/www.sense-electra.de\/wp-content\/uploads\/2021\/06\/kosten-senken-mit-bhkw.jpg\"},{\"@type\":\"BreadcrumbList\",\"@id\":\"https:\/\/www.sense-electra.de\/guenstige-stromtarife\/#breadcrumb\",\"itemListElement\":[{\"@type\":\"ListItem\",\"position\":1,\"name\":\"Startseite\",\"item\":\"https:\/\/www.sense-electra.de\/\"},{\"@type\":\"ListItem\",\"position\":2,\"name\":\"G\u00fcnstige Tarife f\u00fcr Gewerbestrom\"}]},{\"@type\":\"WebSite\",\"@id\":\"https:\/\/www.sense-electra.de\/#website\",\"url\":\"https:\/\/www.sense-electra.de\/\",\"name\":\"sense electra\",\"description\":\"W\u00e4rmeversorgung f\u00fcr Industrie- und Gewerbekunden\",\"potentialAction\":[{\"@type\":\"SearchAction\",\"target\":{\"@type\":\"EntryPoint\",\"urlTemplate\":\"https:\/\/www.sense-electra.de\/?s={search_term_string}\"},\"query-input\":\"required name=search_term_string\"}],\"inLanguage\":\"en-GB\"}]}<\/script>\n<!-- \/ Yoast SEO plugin. -->","yoast_head_json":{"title":"G\u00fcnstige Tarife f\u00fcr Gewerbestrom - sense electra","description":"Kostenfreies Angebot f\u00fcr Abnahmemengen ab 100.000 kWh erhalten. Keine Abnahmeverpflichtung. F\u00fcr Gewerbe- und Industriekunden.","robots":{"index":"index","follow":"follow","max-snippet":"max-snippet:-1","max-image-preview":"max-image-preview:large","max-video-preview":"max-video-preview:-1"},"canonical":"https:\/\/www.sense-electra.de\/en\/guenstige-stromtarife\/","og_locale":"en_GB","og_type":"article","og_title":"G\u00fcnstige Tarife f\u00fcr Gewerbestrom - sense electra","og_description":"Kostenfreies Angebot f\u00fcr Abnahmemengen ab 100.000 kWh erhalten. Keine Abnahmeverpflichtung. F\u00fcr Gewerbe- und Industriekunden.","og_url":"https:\/\/www.sense-electra.de\/en\/guenstige-stromtarife\/","og_site_name":"sense electra","article_modified_time":"2023-11-22T16:33:10+00:00","og_image":[{"url":"https:\/\/www.sense-electra.de\/wp-content\/uploads\/2021\/06\/kosten-senken-mit-bhkw.jpg"}],"twitter_card":"summary_large_image","twitter_misc":{"Estimated reading time":"4 minutes"},"schema":{"@context":"https:\/\/schema.org","@graph":[{"@type":"WebPage","@id":"https:\/\/www.sense-electra.de\/guenstige-stromtarife\/","url":"https:\/\/www.sense-electra.de\/guenstige-stromtarife\/","name":"G\u00fcnstige Tarife f\u00fcr Gewerbestrom - sense electra","isPartOf":{"@id":"https:\/\/www.sense-electra.de\/#website"},"primaryImageOfPage":{"@id":"https:\/\/www.sense-electra.de\/guenstige-stromtarife\/#primaryimage"},"image":{"@id":"https:\/\/www.sense-electra.de\/guenstige-stromtarife\/#primaryimage"},"thumbnailUrl":"https:\/\/www.sense-electra.de\/wp-content\/uploads\/2021\/06\/kosten-senken-mit-bhkw.jpg","datePublished":"2023-10-05T09:28:48+00:00","dateModified":"2023-11-22T16:33:10+00:00","description":"Kostenfreies Angebot f\u00fcr Abnahmemengen ab 100.000 kWh erhalten. Keine Abnahmeverpflichtung. F\u00fcr Gewerbe- und Industriekunden.","breadcrumb":{"@id":"https:\/\/www.sense-electra.de\/guenstige-stromtarife\/#breadcrumb"},"inLanguage":"en-GB","potentialAction":[{"@type":"ReadAction","target":["https:\/\/www.sense-electra.de\/guenstige-stromtarife\/"]}]},{"@type":"ImageObject","inLanguage":"en-GB","@id":"https:\/\/www.sense-electra.de\/guenstige-stromtarife\/#primaryimage","url":"https:\/\/www.sense-electra.de\/wp-content\/uploads\/2021\/06\/kosten-senken-mit-bhkw.jpg","contentUrl":"https:\/\/www.sense-electra.de\/wp-content\/uploads\/2021\/06\/kosten-senken-mit-bhkw.jpg"},{"@type":"BreadcrumbList","@id":"https:\/\/www.sense-electra.de\/guenstige-stromtarife\/#breadcrumb","itemListElement":[{"@type":"ListItem","position":1,"name":"Startseite","item":"https:\/\/www.sense-electra.de\/"},{"@type":"ListItem","position":2,"name":"G\u00fcnstige Tarife f\u00fcr Gewerbestrom"}]},{"@type":"WebSite","@id":"https:\/\/www.sense-electra.de\/#website","url":"https:\/\/www.sense-electra.de\/","name":"sense electra","description":"W\u00e4rmeversorgung f\u00fcr Industrie- und Gewerbekunden","potentialAction":[{"@type":"SearchAction","target":{"@type":"EntryPoint","urlTemplate":"https:\/\/www.sense-electra.de\/?s={search_term_string}"},"query-input":"required name=search_term_string"}],"inLanguage":"en-GB"}]}},"_links":{"self":[{"href":"https:\/\/www.sense-electra.de\/en\/wp-json\/wp\/v2\/pages\/4021"}],"collection":[{"href":"https:\/\/www.sense-electra.de\/en\/wp-json\/wp\/v2\/pages"}],"about":[{"href":"https:\/\/www.sense-electra.de\/en\/wp-json\/wp\/v2\/types\/page"}],"author":[{"embeddable":true,"href":"https:\/\/www.sense-electra.de\/en\/wp-json\/wp\/v2\/users\/4"}],"replies":[{"embeddable":true,"href":"https:\/\/www.sense-electra.de\/en\/wp-json\/wp\/v2\/comments?post=4021"}],"version-history":[{"count":0,"href":"https:\/\/www.sense-electra.de\/en\/wp-json\/wp\/v2\/pages\/4021\/revisions"}],"wp:attachment":[{"href":"https:\/\/www.sense-electra.de\/en\/wp-json\/wp\/v2\/media?parent=4021"}],"curies":[{"name":"wp","href":"https:\/\/api.w.org\/{rel}","templated":true}]}}